{"id":3851,"date":"2018-01-03T08:38:15","date_gmt":"2018-01-03T08:38:15","guid":{"rendered":"http:\/\/localhost\/wp\/vayne\/?page_id=3851"},"modified":"2026-04-01T10:55:26","modified_gmt":"2026-04-01T16:55:26","slug":"dermocosmetica-online-costa-rica","status":"publish","type":"page","link":"https:\/\/apoderma.com\/inicio\/","title":{"rendered":"Especialistas en Dermocosm\u00e9tica"},"content":{"rendered":"<div class=\"wpb-content-wrapper\"><p>[vc_row][vc_column][rev_slider_vc alias=\u00bbslider-principal\u00bb][\/vc_column][\/vc_row][vc_row][vc_column][vc_text_separator title=\u00bb\u00bb color=\u00bbwhite\u00bb css=\u00bb.vc_custom_1568309280866{margin-top: 10px !important;margin-bottom: 10px !important;}\u00bb][\/vc_column][\/vc_row][vc_row el_class=\u00bbdemo-09-collection-grid\u00bb][vc_column el_id=\u00bbespacio-medio\u00bb]<div id=\"la_divider69f347198753f\" class=\"js-el la-divider la-unit-responsive\" data-la_component=\"UnitResponsive\"  data-el_target='#la_divider69f347198753f'  data-el_media_sizes='{&quot;padding-top&quot;:&quot;lg:55px;sm:40px;mb:25px;&quot;}' ><\/div>\n<div id=\"la_heading_69f3471987bb9\" class=\"la-headings text-center vc_custom_1775062458617\"><div class=\"js-el heading-tag la-unit-responsive letter-spacing--2 font-weight-300\" style=\"color:#60268b\"  data-la_component=\"UnitResponsive\"  data-el_target='#la_heading_69f3471987bb9 .heading-tag'  data-el_media_sizes='{&quot;font-size&quot;:&quot;lg:28px;&quot;,&quot;line-height&quot;:&quot;lg:30px;&quot;}' >DESCUBRE NUESTROS PRODUCTOS Y SERVICIOS<\/div><div class=\"js-el subheading-tag la-unit-responsive\" style=\"\" ><h1><a href=\"https:\/\/apoderma.com\/inicio\/quienes-somos\/\"><span style=\"color: #60268b;\">CIENCIA, CONOCIMIENTO Y EXPERIENCIA AL SERVICIO DE LA PIEL<\/span><\/a><\/h1>\n<\/div><\/div>\n<div id=\"la_banner_box_69f347198888e\" class=\"wpb_content_element la-banner-box banner-type-centered demo-09-collection-4 pull-left margin-bottom-0\" data-animation-class=\"\">\n    <div class=\"box-inner\">\n        <div class=\"banner--image\"><img loading=\"lazy\" decoding=\"async\" width=\"390\" height=\"337\" src=\"https:\/\/apoderma.com\/inicio\/wp-content\/uploads\/2026\/02\/CUIDADO-FACIAL.png\" class=\"attachment-full size-full\" alt=\"CUIDADO FACIAL\" \/><span class=\"item--overlay\"><\/span><\/div>\n        <div class=\"banner--info\"><div class=\"js-el subheading-tag la-unit-responsive\" style=\"\" ><div id=\"la_text_69f3471988996\" class=\"js-el la-text font-weight-700 text-center\" style=\"color:#6f2a8e\" data-la_component=\"UnitResponsive\"  data-el_target='#la_text_69f3471988996'  data-el_media_sizes='{&quot;font-size&quot;:&quot;lg:28px&quot;,&quot;line-height&quot;:&quot;lg:24px&quot;}' >CUIDADO FACIAL<\/div><\/div><\/div>\n                    <a class=\"banner--link-overlay\" href=\"https:\/\/apoderma.com\/inicio\/categoria-producto\/rostro\/\" title=\"\" target=\"_blank\"><\/a>\n            <\/div>\n<\/div>\n<span data-la_component=\"InsertCustomCSS\" class=\"js-el hidden\">\n#la_banner_box_69f347198888e .item--overlay{\n    background-color: rgba(52,53,56,0.2);\n}\n#la_banner_box_69f347198888e:hover .item--overlay{\n   background-color: rgba(226,193,225,0.6);\n}\n<\/span>\n<div id=\"la_banner_box_69f3471988f8c\" class=\"wpb_content_element la-banner-box banner-type-centered demo-09-collection-2 pull-left margin-bottom-0\" data-animation-class=\"\">\n    <div class=\"box-inner\">\n        <div class=\"banner--image\"><img loading=\"lazy\" decoding=\"async\" width=\"390\" height=\"337\" src=\"https:\/\/apoderma.com\/inicio\/wp-content\/uploads\/2026\/02\/CUIDADO-CORPORAL.png\" class=\"attachment-full size-full\" alt=\"CUIDADO CORPORAL\" \/><span class=\"item--overlay\"><\/span><\/div>\n        <div class=\"banner--info\"><div class=\"js-el subheading-tag la-unit-responsive\" style=\"\" ><div id=\"la_text_69f3471988ff6\" class=\"js-el la-text font-weight-700 text-center\" style=\"color:#6f2a8e\" data-la_component=\"UnitResponsive\"  data-el_target='#la_text_69f3471988ff6'  data-el_media_sizes='{&quot;font-size&quot;:&quot;lg:28px&quot;,&quot;line-height&quot;:&quot;lg:24px&quot;}' >CUIDADO CORPORAL<\/div><\/div><\/div>\n                    <a class=\"banner--link-overlay\" href=\"https:\/\/apoderma.com\/inicio\/categoria-producto\/cuerpo\/\" title=\"\" target=\"_blank\"><\/a>\n            <\/div>\n<\/div>\n<span data-la_component=\"InsertCustomCSS\" class=\"js-el hidden\">\n#la_banner_box_69f3471988f8c .item--overlay{\n    background-color: rgba(52,53,56,0.2);\n}\n#la_banner_box_69f3471988f8c:hover .item--overlay{\n   background-color: rgba(226,193,225,0.6);\n}\n<\/span>\n<div id=\"la_banner_box_69f3471989442\" class=\"wpb_content_element la-banner-box banner-type-centered demo-09-collection-3 pull-left margin-bottom-0\" data-animation-class=\"\">\n    <div class=\"box-inner\">\n        <div class=\"banner--image\"><img loading=\"lazy\" decoding=\"async\" width=\"390\" height=\"337\" src=\"https:\/\/apoderma.com\/inicio\/wp-content\/uploads\/2026\/04\/Nuestra-gama.png\" class=\"attachment-full size-full\" alt=\"\" \/><span class=\"item--overlay\"><\/span><\/div>\n        <div class=\"banner--info\"><div class=\"js-el subheading-tag la-unit-responsive\" style=\"\" ><div id=\"la_text_69f34719894a5\" class=\"js-el la-text font-weight-700 text-center\" style=\"color:#6f2a8e\" data-la_component=\"UnitResponsive\"  data-el_target='#la_text_69f34719894a5'  data-el_media_sizes='{&quot;font-size&quot;:&quot;lg:28px&quot;,&quot;line-height&quot;:&quot;lg:24px&quot;}' >NUESTRA GAMA AVOCARI<\/div><\/div><\/div>\n                    <a class=\"banner--link-overlay\" href=\"https:\/\/apoderma.com\/inicio\/product_brand\/avocari\/\" title=\"\" target=\"_blank\"><\/a>\n            <\/div>\n<\/div>\n<span data-la_component=\"InsertCustomCSS\" class=\"js-el hidden\">\n#la_banner_box_69f3471989442 .item--overlay{\n    background-color: rgba(52,53,56,0.2);\n}\n#la_banner_box_69f3471989442:hover .item--overlay{\n   background-color: rgba(226,193,225,0.6);\n}\n<\/span>\n<div id=\"la_banner_box_69f34719898b8\" class=\"wpb_content_element la-banner-box banner-type-centered demo-09-collection-1 pull-left margin-bottom-0\" data-animation-class=\"\">\n    <div class=\"box-inner\">\n        <div class=\"banner--image\"><img loading=\"lazy\" decoding=\"async\" width=\"1280\" height=\"720\" src=\"https:\/\/apoderma.com\/inicio\/wp-content\/uploads\/2025\/11\/MiniaturaYouTube.jpg\" class=\"attachment-full size-full\" alt=\"\" srcset=\"https:\/\/apoderma.com\/inicio\/wp-content\/uploads\/2025\/11\/MiniaturaYouTube.jpg 1280w, https:\/\/apoderma.com\/inicio\/wp-content\/uploads\/2025\/11\/MiniaturaYouTube-600x338.jpg 600w\" sizes=\"auto, (max-width: 1280px) 100vw, 1280px\" \/><span class=\"item--overlay\"><\/span><\/div>\n        <div class=\"banner--info\"><div class=\"js-el subheading-tag la-unit-responsive\" style=\"\" ><div id=\"la_text_69f3471989916\" class=\"js-el la-text font-weight-700 text-center\" style=\"color:#6f2a8e\" data-la_component=\"UnitResponsive\"  data-el_target='#la_text_69f3471989916'  data-el_media_sizes='{&quot;font-size&quot;:&quot;lg:28px&quot;,&quot;line-height&quot;:&quot;lg:24px&quot;}' >ASESORIA Y FORMACI\u00d3N<\/div><\/div><\/div>\n                    <a class=\"banner--link-overlay\" href=\"https:\/\/apoderma.com\/inicio\/formacion\/\" title=\"\" target=\"_blank\"><\/a>\n            <\/div>\n<\/div>\n<span data-la_component=\"InsertCustomCSS\" class=\"js-el hidden\">\n#la_banner_box_69f34719898b8 .item--overlay{\n    background-color: rgba(52,53,56,0.2);\n}\n#la_banner_box_69f34719898b8:hover .item--overlay{\n   background-color: rgba(226,193,225,0.6);\n}\n<\/span>\n[\/vc_column][\/vc_row][vc_row][vc_column]<div id=\"la_divider69f3471989b34\" class=\"js-el la-divider la-unit-responsive\" data-la_component=\"UnitResponsive\"  data-el_target='#la_divider69f3471989b34'  data-el_media_sizes='{&quot;padding-top&quot;:&quot;lg:45px;sm:30px;&quot;}' ><\/div>\n[vc_tta_tabs active_section=\u00bb1&#8243; el_class=\u00bbdemo_12_tab\u00bb][vc_tta_section title=\u00bbNOVEDADES\u00bb tab_id=\u00bb1568311670446-b5cf881d-e5ce\u00bb]<div id=\"recent_products_69f347198b0e7\" class=\"woocommerce text-center\"><div class=\"row\"><div class=\"col-xs-12\"><ul class=\"products products-grid products-grid-1 grid-items xlg-grid-5-items lg-grid-5-items md-grid-2-items sm-grid-2-items xs-grid-1-items mb-grid-1-items grid-space-default\"><li class=\"product_item grid-item product thumb-no-effect prod-rating-on type-product post-39912 status-publish first instock product_cat-rostro product_cat-signos-de-la-edad product_tag-antiedad product_tag-elasticidad product_tag-firmeza has-post-thumbnail taxable shipping-taxable purchasable product-type-simple\" data-width=\"1\" data-height=\"1\">\n\t\t<div class=\"product_item--inner\">\n\t\t<div class=\"product_item--thumbnail\">\n\t\t\t<div class=\"product_item--thumbnail-holder\">\n\t\t\t\t<a href=\"https:\/\/apoderma.com\/inicio\/producto\/serum-anti-aging-reviving-elixir-30-ml\/\" class=\"woocommerce-LoopProduct-link woocommerce-loop-product__link\"><img loading=\"lazy\" decoding=\"async\" width=\"300\" height=\"300\" src=\"https:\/\/apoderma.com\/inicio\/wp-content\/uploads\/2025\/11\/70117-300x300.jpg\" class=\"attachment-woocommerce_thumbnail size-woocommerce_thumbnail\" alt=\"Serum Anti-Aging Reviving Elixir\" srcset=\"https:\/\/apoderma.com\/inicio\/wp-content\/uploads\/2025\/11\/70117-300x300.jpg 300w, https:\/\/apoderma.com\/inicio\/wp-content\/uploads\/2025\/11\/70117-600x600.jpg 600w, https:\/\/apoderma.com\/inicio\/wp-content\/uploads\/2025\/11\/70117-100x100.jpg 100w, https:\/\/apoderma.com\/inicio\/wp-content\/uploads\/2025\/11\/70117-40x40.jpg 40w, https:\/\/apoderma.com\/inicio\/wp-content\/uploads\/2025\/11\/70117.jpg 800w\" sizes=\"auto, (max-width: 300px) 100vw, 300px\" \/><div class=\"item--overlay\"><\/div><\/a>\t\t\t<\/div>\n\t\t\t<div class=\"product_item--action\">\n\t\t\t\t<div class=\"wrap-addto\"><a class=\"quickview button la-quickview-button\" href=\"https:\/\/apoderma.com\/inicio\/producto\/serum-anti-aging-reviving-elixir-30-ml\/\" data-href=\"https:\/\/apoderma.com\/inicio\/producto\/serum-anti-aging-reviving-elixir-30-ml\/?product_quickview=39912\" title=\"Compra r\u00e1pida\">Compra r\u00e1pida<\/a><a class=\"add_wishlist button\" href=\"https:\/\/apoderma.com\/inicio\/lista-de-deseos\/?add_to_wishlist=39912\" title=\"A\u00f1adir a la Lista de Deseos\" rel=\"nofollow\" data-product_title=\"S\u00e9rum Anti-Aging Reviving Elixir 30 mL\" data-product_id=\"39912\">A\u00f1adir a la Lista de Deseos<\/a><\/div><a rel=\"nofollow\" href=\"?add-to-cart=39912\" title=\"A\u00f1adir al carrito\" data-quantity=\"1\" data-product_title=\"S\u00e9rum Anti-Aging Reviving Elixir 30 mL\" data-product_id=\"39912\" data-product_sku=\"70117\" class=\"button product_type_simple add_to_cart_button ajax_add_to_cart\"><span>A\u00f1adir al carrito<\/span><\/a>\t\t\t<\/div>\n\t\t<\/div>\n\t\t<div class=\"product_item--info\">\n\t\t\t<div class=\"product_item--info-inner\">\n\t\t\t\t<div class=\"product_item--category-link\"><a href=\"https:\/\/apoderma.com\/inicio\/categoria-producto\/rostro\/\" rel=\"tag\">Rostro<\/a><span>, <\/span><a href=\"https:\/\/apoderma.com\/inicio\/categoria-producto\/rostro\/signos-de-la-edad\/\" rel=\"tag\">Signos de la edad<\/a><\/div><h3 class=\"product_item--title\"><a href=\"https:\/\/apoderma.com\/inicio\/producto\/serum-anti-aging-reviving-elixir-30-ml\/\">S\u00e9rum Anti-Aging Reviving Elixir 30 mL<\/a><\/h3>\n\t<span class=\"price\"><span class=\"woocommerce-Price-amount amount\"><bdi><span class=\"woocommerce-Price-currencySymbol\">&#x20a1;<\/span>22 500<\/bdi><\/span> <small class=\"woocommerce-price-suffix\">(IVA incluido)<\/small><\/span>\n<div class=\"item--excerpt\"><p>SERUM Anti-Aging Reviving Elixir Serum facial altamente concentrado para actual en los 3 principales signos&hellip;<\/p>\n<\/div>\t\t\t<\/div>\n\t\t\t<div class=\"product_item--action\">\n\t\t\t\t<div class=\"wrap-addto\"><a rel=\"nofollow\" href=\"?add-to-cart=39912\" title=\"A\u00f1adir al carrito\" data-quantity=\"1\" data-product_title=\"S\u00e9rum Anti-Aging Reviving Elixir 30 mL\" data-product_id=\"39912\" data-product_sku=\"70117\" class=\"button product_type_simple add_to_cart_button ajax_add_to_cart\"><span>A\u00f1adir al carrito<\/span><\/a><a class=\"quickview button la-quickview-button\" href=\"https:\/\/apoderma.com\/inicio\/producto\/serum-anti-aging-reviving-elixir-30-ml\/\" data-href=\"https:\/\/apoderma.com\/inicio\/producto\/serum-anti-aging-reviving-elixir-30-ml\/?product_quickview=39912\" title=\"Compra r\u00e1pida\">Compra r\u00e1pida<\/a><a class=\"add_wishlist button\" href=\"https:\/\/apoderma.com\/inicio\/lista-de-deseos\/?add_to_wishlist=39912\" title=\"A\u00f1adir a la Lista de Deseos\" rel=\"nofollow\" data-product_title=\"S\u00e9rum Anti-Aging Reviving Elixir 30 mL\" data-product_id=\"39912\">A\u00f1adir a la Lista de Deseos<\/a><\/div>\t\t\t<\/div>\n\t\t<\/div>\n\t\t<\/div>\n<\/li>\n<li class=\"product_item grid-item product thumb-no-effect prod-rating-on type-product post-39909 status-publish instock product_cat-rostro product_cat-signos-de-la-edad product_tag-antiedad product_tag-elasticidad product_tag-firmeza has-post-thumbnail taxable shipping-taxable purchasable product-type-simple\" data-width=\"1\" data-height=\"1\">\n\t\t<div class=\"product_item--inner\">\n\t\t<div class=\"product_item--thumbnail\">\n\t\t\t<div class=\"product_item--thumbnail-holder\">\n\t\t\t\t<a href=\"https:\/\/apoderma.com\/inicio\/producto\/serum-25-collagen-complex-30-ml\/\" class=\"woocommerce-LoopProduct-link woocommerce-loop-product__link\"><img loading=\"lazy\" decoding=\"async\" width=\"300\" height=\"300\" src=\"https:\/\/apoderma.com\/inicio\/wp-content\/uploads\/2025\/11\/75075-300x300.jpg\" class=\"attachment-woocommerce_thumbnail size-woocommerce_thumbnail\" alt=\"Serum 25% Collagen Complex\" srcset=\"https:\/\/apoderma.com\/inicio\/wp-content\/uploads\/2025\/11\/75075-300x300.jpg 300w, https:\/\/apoderma.com\/inicio\/wp-content\/uploads\/2025\/11\/75075-600x600.jpg 600w, https:\/\/apoderma.com\/inicio\/wp-content\/uploads\/2025\/11\/75075-100x100.jpg 100w, https:\/\/apoderma.com\/inicio\/wp-content\/uploads\/2025\/11\/75075-40x40.jpg 40w, https:\/\/apoderma.com\/inicio\/wp-content\/uploads\/2025\/11\/75075.jpg 1000w\" sizes=\"auto, (max-width: 300px) 100vw, 300px\" \/><div class=\"item--overlay\"><\/div><\/a>\t\t\t<\/div>\n\t\t\t<div class=\"product_item--action\">\n\t\t\t\t<div class=\"wrap-addto\"><a class=\"quickview button la-quickview-button\" href=\"https:\/\/apoderma.com\/inicio\/producto\/serum-25-collagen-complex-30-ml\/\" data-href=\"https:\/\/apoderma.com\/inicio\/producto\/serum-25-collagen-complex-30-ml\/?product_quickview=39909\" title=\"Compra r\u00e1pida\">Compra r\u00e1pida<\/a><a class=\"add_wishlist button\" href=\"https:\/\/apoderma.com\/inicio\/lista-de-deseos\/?add_to_wishlist=39909\" title=\"A\u00f1adir a la Lista de Deseos\" rel=\"nofollow\" data-product_title=\"SERUM 25% COLLAGEN COMPLEX 30 mL\" data-product_id=\"39909\">A\u00f1adir a la Lista de Deseos<\/a><\/div><a rel=\"nofollow\" href=\"?add-to-cart=39909\" title=\"A\u00f1adir al carrito\" data-quantity=\"1\" data-product_title=\"SERUM 25% COLLAGEN COMPLEX 30 mL\" data-product_id=\"39909\" data-product_sku=\"75075\" class=\"button product_type_simple add_to_cart_button ajax_add_to_cart\"><span>A\u00f1adir al carrito<\/span><\/a>\t\t\t<\/div>\n\t\t<\/div>\n\t\t<div class=\"product_item--info\">\n\t\t\t<div class=\"product_item--info-inner\">\n\t\t\t\t<div class=\"product_item--category-link\"><a href=\"https:\/\/apoderma.com\/inicio\/categoria-producto\/rostro\/\" rel=\"tag\">Rostro<\/a><span>, <\/span><a href=\"https:\/\/apoderma.com\/inicio\/categoria-producto\/rostro\/signos-de-la-edad\/\" rel=\"tag\">Signos de la edad<\/a><\/div><h3 class=\"product_item--title\"><a href=\"https:\/\/apoderma.com\/inicio\/producto\/serum-25-collagen-complex-30-ml\/\">SERUM 25% COLLAGEN COMPLEX 30 mL<\/a><\/h3>\n\t<span class=\"price\"><span class=\"woocommerce-Price-amount amount\"><bdi><span class=\"woocommerce-Price-currencySymbol\">&#x20a1;<\/span>21 500<\/bdi><\/span> <small class=\"woocommerce-price-suffix\">(IVA incluido)<\/small><\/span>\n<div class=\"item--excerpt\"><p>SERUM 25% COLLAGEN COMPLEX Serum facial para todo tipo de piel<\/p>\n<\/div>\t\t\t<\/div>\n\t\t\t<div class=\"product_item--action\">\n\t\t\t\t<div class=\"wrap-addto\"><a rel=\"nofollow\" href=\"?add-to-cart=39909\" title=\"A\u00f1adir al carrito\" data-quantity=\"1\" data-product_title=\"SERUM 25% COLLAGEN COMPLEX 30 mL\" data-product_id=\"39909\" data-product_sku=\"75075\" class=\"button product_type_simple add_to_cart_button ajax_add_to_cart\"><span>A\u00f1adir al carrito<\/span><\/a><a class=\"quickview button la-quickview-button\" href=\"https:\/\/apoderma.com\/inicio\/producto\/serum-25-collagen-complex-30-ml\/\" data-href=\"https:\/\/apoderma.com\/inicio\/producto\/serum-25-collagen-complex-30-ml\/?product_quickview=39909\" title=\"Compra r\u00e1pida\">Compra r\u00e1pida<\/a><a class=\"add_wishlist button\" href=\"https:\/\/apoderma.com\/inicio\/lista-de-deseos\/?add_to_wishlist=39909\" title=\"A\u00f1adir a la Lista de Deseos\" rel=\"nofollow\" data-product_title=\"SERUM 25% COLLAGEN COMPLEX 30 mL\" data-product_id=\"39909\">A\u00f1adir a la Lista de Deseos<\/a><\/div>\t\t\t<\/div>\n\t\t<\/div>\n\t\t<\/div>\n<\/li>\n<li class=\"product_item grid-item product thumb-has-effect prod-rating-on type-product post-39889 status-publish instock product_cat-bebe-y-mama product_cat-cuerpo product_cat-hidratacion-manos product_cat-manos product_cat-piel-seca-o-con-tendencia-atopica product_cat-pies product_tag-cuidado-cuerpo product_tag-hidratante product_tag-piel-seca has-post-thumbnail taxable shipping-taxable purchasable product-type-simple\" data-width=\"1\" data-height=\"1\">\n\t\t<div class=\"product_item--inner\">\n\t\t<div class=\"product_item--thumbnail\">\n\t\t\t<div class=\"product_item--thumbnail-holder\">\n\t\t\t\t<a href=\"https:\/\/apoderma.com\/inicio\/producto\/avocari-crema-manos-y-cuerpo-250-ml-6-pack\/\" class=\"woocommerce-LoopProduct-link woocommerce-loop-product__link\"><img loading=\"lazy\" decoding=\"async\" width=\"300\" height=\"300\" src=\"https:\/\/apoderma.com\/inicio\/wp-content\/uploads\/2025\/08\/7420-a-2-300x300.jpeg\" class=\"attachment-woocommerce_thumbnail size-woocommerce_thumbnail\" alt=\"Avocari presentaci\u00f3n mayorista\" srcset=\"https:\/\/apoderma.com\/inicio\/wp-content\/uploads\/2025\/08\/7420-a-2-300x300.jpeg 300w, https:\/\/apoderma.com\/inicio\/wp-content\/uploads\/2025\/08\/7420-a-2-600x600.jpeg 600w, https:\/\/apoderma.com\/inicio\/wp-content\/uploads\/2025\/08\/7420-a-2-100x100.jpeg 100w, https:\/\/apoderma.com\/inicio\/wp-content\/uploads\/2025\/08\/7420-a-2-40x40.jpeg 40w, https:\/\/apoderma.com\/inicio\/wp-content\/uploads\/2025\/08\/7420-a-2.jpeg 800w\" sizes=\"auto, (max-width: 300px) 100vw, 300px\" \/><img loading=\"lazy\" decoding=\"async\" width=\"300\" height=\"300\" src=\"https:\/\/apoderma.com\/inicio\/wp-content\/uploads\/2024\/10\/20241006_130256-300x300.jpg\" class=\"wp-alt-image\" alt=\"avocari\" srcset=\"https:\/\/apoderma.com\/inicio\/wp-content\/uploads\/2024\/10\/20241006_130256-300x300.jpg 300w, https:\/\/apoderma.com\/inicio\/wp-content\/uploads\/2024\/10\/20241006_130256-1536x1536.jpg 1536w, https:\/\/apoderma.com\/inicio\/wp-content\/uploads\/2024\/10\/20241006_130256-2048x2048.jpg 2048w, https:\/\/apoderma.com\/inicio\/wp-content\/uploads\/2024\/10\/20241006_130256-600x600.jpg 600w, https:\/\/apoderma.com\/inicio\/wp-content\/uploads\/2024\/10\/20241006_130256-100x100.jpg 100w, https:\/\/apoderma.com\/inicio\/wp-content\/uploads\/2024\/10\/20241006_130256-40x40.jpg 40w\" sizes=\"auto, (max-width: 300px) 100vw, 300px\" \/><div class=\"item--overlay\"><\/div><\/a>\t\t\t<\/div>\n\t\t\t<div class=\"product_item--action\">\n\t\t\t\t<div class=\"wrap-addto\"><a class=\"quickview button la-quickview-button\" href=\"https:\/\/apoderma.com\/inicio\/producto\/avocari-crema-manos-y-cuerpo-250-ml-6-pack\/\" data-href=\"https:\/\/apoderma.com\/inicio\/producto\/avocari-crema-manos-y-cuerpo-250-ml-6-pack\/?product_quickview=39889\" title=\"Compra r\u00e1pida\">Compra r\u00e1pida<\/a><a class=\"add_wishlist button\" href=\"https:\/\/apoderma.com\/inicio\/lista-de-deseos\/?add_to_wishlist=39889\" title=\"A\u00f1adir a la Lista de Deseos\" rel=\"nofollow\" data-product_title=\"Avocari Crema Manos y Cuerpo 250 mL 6 Pack\" data-product_id=\"39889\">A\u00f1adir a la Lista de Deseos<\/a><\/div><a rel=\"nofollow\" href=\"?add-to-cart=39889\" title=\"A\u00f1adir al carrito\" data-quantity=\"1\" data-product_title=\"Avocari Crema Manos y Cuerpo 250 mL 6 Pack\" data-product_id=\"39889\" data-product_sku=\"7420\" class=\"button product_type_simple add_to_cart_button ajax_add_to_cart\"><span>A\u00f1adir al carrito<\/span><\/a>\t\t\t<\/div>\n\t\t<\/div>\n\t\t<div class=\"product_item--info\">\n\t\t\t<div class=\"product_item--info-inner\">\n\t\t\t\t<div class=\"product_item--category-link\"><a href=\"https:\/\/apoderma.com\/inicio\/categoria-producto\/bebe-y-mama\/\" rel=\"tag\">Beb\u00e9 y Mam\u00e1<\/a><span>, <\/span><a href=\"https:\/\/apoderma.com\/inicio\/categoria-producto\/cuerpo\/\" rel=\"tag\">Cuerpo<\/a><span>, <\/span><a href=\"https:\/\/apoderma.com\/inicio\/categoria-producto\/cuerpo\/manos\/hidratacion-manos\/\" rel=\"tag\">Hidrataci\u00f3n<\/a><span>, <\/span><a href=\"https:\/\/apoderma.com\/inicio\/categoria-producto\/cuerpo\/manos\/\" rel=\"tag\">Manos<\/a><span>, <\/span><a href=\"https:\/\/apoderma.com\/inicio\/categoria-producto\/cuerpo\/piel-seca-o-con-tendencia-atopica\/\" rel=\"tag\">Piel seca o con tendencia at\u00f3pica<\/a><span>, <\/span><a href=\"https:\/\/apoderma.com\/inicio\/categoria-producto\/cuerpo\/pies\/\" rel=\"tag\">Pies<\/a><\/div><h3 class=\"product_item--title\"><a href=\"https:\/\/apoderma.com\/inicio\/producto\/avocari-crema-manos-y-cuerpo-250-ml-6-pack\/\">Avocari Crema Manos y Cuerpo 250 mL 6 Pack<\/a><\/h3>\n\t<span class=\"price\"><span class=\"woocommerce-Price-amount amount\"><bdi><span class=\"woocommerce-Price-currencySymbol\">&#x20a1;<\/span>52 872<\/bdi><\/span> <small class=\"woocommerce-price-suffix\">(IVA incluido)<\/small><\/span>\n<div class=\"item--excerpt\"><p>6 Pack Crema Manos y Cuerpo 250 mL Especialmente indicada para piel seca o extremadamente&hellip;<\/p>\n<\/div>\t\t\t<\/div>\n\t\t\t<div class=\"product_item--action\">\n\t\t\t\t<div class=\"wrap-addto\"><a rel=\"nofollow\" href=\"?add-to-cart=39889\" title=\"A\u00f1adir al carrito\" data-quantity=\"1\" data-product_title=\"Avocari Crema Manos y Cuerpo 250 mL 6 Pack\" data-product_id=\"39889\" data-product_sku=\"7420\" class=\"button product_type_simple add_to_cart_button ajax_add_to_cart\"><span>A\u00f1adir al carrito<\/span><\/a><a class=\"quickview button la-quickview-button\" href=\"https:\/\/apoderma.com\/inicio\/producto\/avocari-crema-manos-y-cuerpo-250-ml-6-pack\/\" data-href=\"https:\/\/apoderma.com\/inicio\/producto\/avocari-crema-manos-y-cuerpo-250-ml-6-pack\/?product_quickview=39889\" title=\"Compra r\u00e1pida\">Compra r\u00e1pida<\/a><a class=\"add_wishlist button\" href=\"https:\/\/apoderma.com\/inicio\/lista-de-deseos\/?add_to_wishlist=39889\" title=\"A\u00f1adir a la Lista de Deseos\" rel=\"nofollow\" data-product_title=\"Avocari Crema Manos y Cuerpo 250 mL 6 Pack\" data-product_id=\"39889\">A\u00f1adir a la Lista de Deseos<\/a><\/div>\t\t\t<\/div>\n\t\t<\/div>\n\t\t<\/div>\n<\/li>\n<li class=\"product_item grid-item product thumb-has-effect prod-rating-on type-product post-39683 status-publish last instock product_cat-bebe-y-mama product_cat-cuerpo product_cat-flacidez-y-estrias product_cat-piel-seca-o-con-tendencia-atopica product_cat-pies product_tag-cuidado-cuerpo product_tag-hidratante product_tag-piel-seca has-post-thumbnail taxable shipping-taxable purchasable product-type-simple\" data-width=\"1\" data-height=\"1\">\n\t\t<div class=\"product_item--inner\">\n\t\t<div class=\"product_item--thumbnail\">\n\t\t\t<div class=\"product_item--thumbnail-holder\">\n\t\t\t\t<a href=\"https:\/\/apoderma.com\/inicio\/producto\/avocari-aceite-de-aguacate-30-ml\/\" class=\"woocommerce-LoopProduct-link woocommerce-loop-product__link\"><img loading=\"lazy\" decoding=\"async\" width=\"300\" height=\"300\" src=\"https:\/\/apoderma.com\/inicio\/wp-content\/uploads\/2024\/10\/Adobe_Express_20241021_1911330_1-300x300.png\" class=\"attachment-woocommerce_thumbnail size-woocommerce_thumbnail\" alt=\"Avocari Aceite de Aguacate\" srcset=\"https:\/\/apoderma.com\/inicio\/wp-content\/uploads\/2024\/10\/Adobe_Express_20241021_1911330_1-300x300.png 300w, https:\/\/apoderma.com\/inicio\/wp-content\/uploads\/2024\/10\/Adobe_Express_20241021_1911330_1-600x600.png 600w, https:\/\/apoderma.com\/inicio\/wp-content\/uploads\/2024\/10\/Adobe_Express_20241021_1911330_1-100x100.png 100w, https:\/\/apoderma.com\/inicio\/wp-content\/uploads\/2024\/10\/Adobe_Express_20241021_1911330_1-40x40.png 40w, https:\/\/apoderma.com\/inicio\/wp-content\/uploads\/2024\/10\/Adobe_Express_20241021_1911330_1.png 800w\" sizes=\"auto, (max-width: 300px) 100vw, 300px\" \/><img loading=\"lazy\" decoding=\"async\" width=\"300\" height=\"300\" src=\"https:\/\/apoderma.com\/inicio\/wp-content\/uploads\/2024\/10\/7416-300x300.jpeg\" class=\"wp-alt-image\" alt=\"Avocari Aceite de Aguacate\" srcset=\"https:\/\/apoderma.com\/inicio\/wp-content\/uploads\/2024\/10\/7416-300x300.jpeg 300w, https:\/\/apoderma.com\/inicio\/wp-content\/uploads\/2024\/10\/7416-600x600.jpeg 600w, https:\/\/apoderma.com\/inicio\/wp-content\/uploads\/2024\/10\/7416-100x100.jpeg 100w, https:\/\/apoderma.com\/inicio\/wp-content\/uploads\/2024\/10\/7416-40x40.jpeg 40w, https:\/\/apoderma.com\/inicio\/wp-content\/uploads\/2024\/10\/7416.jpeg 800w\" sizes=\"auto, (max-width: 300px) 100vw, 300px\" \/><div class=\"item--overlay\"><\/div><\/a>\t\t\t<\/div>\n\t\t\t<div class=\"product_item--action\">\n\t\t\t\t<div class=\"wrap-addto\"><a class=\"quickview button la-quickview-button\" href=\"https:\/\/apoderma.com\/inicio\/producto\/avocari-aceite-de-aguacate-30-ml\/\" data-href=\"https:\/\/apoderma.com\/inicio\/producto\/avocari-aceite-de-aguacate-30-ml\/?product_quickview=39683\" title=\"Compra r\u00e1pida\">Compra r\u00e1pida<\/a><a class=\"add_wishlist button\" href=\"https:\/\/apoderma.com\/inicio\/lista-de-deseos\/?add_to_wishlist=39683\" title=\"A\u00f1adir a la Lista de Deseos\" rel=\"nofollow\" data-product_title=\"Avocari Aceite de Aguacate 30 mL\" data-product_id=\"39683\">A\u00f1adir a la Lista de Deseos<\/a><\/div><a rel=\"nofollow\" href=\"?add-to-cart=39683\" title=\"A\u00f1adir al carrito\" data-quantity=\"1\" data-product_title=\"Avocari Aceite de Aguacate 30 mL\" data-product_id=\"39683\" data-product_sku=\"7417\" class=\"button product_type_simple add_to_cart_button ajax_add_to_cart\"><span>A\u00f1adir al carrito<\/span><\/a>\t\t\t<\/div>\n\t\t<\/div>\n\t\t<div class=\"product_item--info\">\n\t\t\t<div class=\"product_item--info-inner\">\n\t\t\t\t<div class=\"product_item--category-link\"><a href=\"https:\/\/apoderma.com\/inicio\/categoria-producto\/bebe-y-mama\/\" rel=\"tag\">Beb\u00e9 y Mam\u00e1<\/a><span>, <\/span><a href=\"https:\/\/apoderma.com\/inicio\/categoria-producto\/cuerpo\/\" rel=\"tag\">Cuerpo<\/a><span>, <\/span><a href=\"https:\/\/apoderma.com\/inicio\/categoria-producto\/cuerpo\/flacidez-y-estrias\/\" rel=\"tag\">Flacidez y estr\u00edas<\/a><span>, <\/span><a href=\"https:\/\/apoderma.com\/inicio\/categoria-producto\/cuerpo\/piel-seca-o-con-tendencia-atopica\/\" rel=\"tag\">Piel seca o con tendencia at\u00f3pica<\/a><span>, <\/span><a href=\"https:\/\/apoderma.com\/inicio\/categoria-producto\/cuerpo\/pies\/\" rel=\"tag\">Pies<\/a><\/div><h3 class=\"product_item--title\"><a href=\"https:\/\/apoderma.com\/inicio\/producto\/avocari-aceite-de-aguacate-30-ml\/\">Avocari Aceite de Aguacate 30 mL<\/a><\/h3>\n\t<span class=\"price\"><span class=\"woocommerce-Price-amount amount\"><bdi><span class=\"woocommerce-Price-currencySymbol\">&#x20a1;<\/span>8 000<\/bdi><\/span> <small class=\"woocommerce-price-suffix\">(IVA incluido)<\/small><\/span>\n<div class=\"item--excerpt\"><p>Aceite para piel y cabello 100% Aceite de Aguacate rico en \u00e1cidos grasos Omega 3,&hellip;<\/p>\n<\/div>\t\t\t<\/div>\n\t\t\t<div class=\"product_item--action\">\n\t\t\t\t<div class=\"wrap-addto\"><a rel=\"nofollow\" href=\"?add-to-cart=39683\" title=\"A\u00f1adir al carrito\" data-quantity=\"1\" data-product_title=\"Avocari Aceite de Aguacate 30 mL\" data-product_id=\"39683\" data-product_sku=\"7417\" class=\"button product_type_simple add_to_cart_button ajax_add_to_cart\"><span>A\u00f1adir al carrito<\/span><\/a><a class=\"quickview button la-quickview-button\" href=\"https:\/\/apoderma.com\/inicio\/producto\/avocari-aceite-de-aguacate-30-ml\/\" data-href=\"https:\/\/apoderma.com\/inicio\/producto\/avocari-aceite-de-aguacate-30-ml\/?product_quickview=39683\" title=\"Compra r\u00e1pida\">Compra r\u00e1pida<\/a><a class=\"add_wishlist button\" href=\"https:\/\/apoderma.com\/inicio\/lista-de-deseos\/?add_to_wishlist=39683\" title=\"A\u00f1adir a la Lista de Deseos\" rel=\"nofollow\" data-product_title=\"Avocari Aceite de Aguacate 30 mL\" data-product_id=\"39683\">A\u00f1adir a la Lista de Deseos<\/a><\/div>\t\t\t<\/div>\n\t\t<\/div>\n\t\t<\/div>\n<\/li>\n<li class=\"product_item grid-item product thumb-has-effect prod-rating-on type-product post-39674 status-publish first instock product_cat-bebe-y-mama product_cat-cuerpo product_cat-hidratacion-manos product_cat-manos product_cat-piel-seca-o-con-tendencia-atopica product_cat-pies product_tag-cuidado-cuerpo product_tag-hidratante product_tag-piel-seca has-post-thumbnail sale taxable shipping-taxable purchasable product-type-simple\" data-width=\"1\" data-height=\"1\">\n\t\t<div class=\"product_item--inner\">\n\t\t<div class=\"product_item--thumbnail\">\n\t\t\t<div class=\"product_item--thumbnail-holder\">\n\t\t\t\t<a href=\"https:\/\/apoderma.com\/inicio\/producto\/avocari-crema-manos-y-cuerpo-250-ml\/\" class=\"woocommerce-LoopProduct-link woocommerce-loop-product__link\"><span class=\"onsale\"><span class=\"save-percentage\"><span class=\"\">-<\/span>18.8%<\/span><span class=\"save-total\"><span class=\"hidden\">-<\/span> <span class=\"woocommerce-Price-amount amount\"><bdi><span class=\"woocommerce-Price-currencySymbol\">&#x20a1;<\/span>2 655<\/bdi><\/span><\/span><span class=\"save-sale-price\"><span class=\"hidden\">Solo<\/span><span class=\"woocommerce-Price-amount amount\"><bdi><span class=\"woocommerce-Price-currencySymbol\">&#x20a1;<\/span>11 504<\/bdi><\/span><\/span><\/span><img loading=\"lazy\" decoding=\"async\" width=\"300\" height=\"300\" src=\"https:\/\/apoderma.com\/inicio\/wp-content\/uploads\/2024\/10\/7415-300x300.png\" class=\"attachment-woocommerce_thumbnail size-woocommerce_thumbnail\" alt=\"avocari crema para piel seca y muy seca\" srcset=\"https:\/\/apoderma.com\/inicio\/wp-content\/uploads\/2024\/10\/7415-300x300.png 300w, https:\/\/apoderma.com\/inicio\/wp-content\/uploads\/2024\/10\/7415-600x600.png 600w, https:\/\/apoderma.com\/inicio\/wp-content\/uploads\/2024\/10\/7415-100x100.png 100w, https:\/\/apoderma.com\/inicio\/wp-content\/uploads\/2024\/10\/7415-40x40.png 40w, https:\/\/apoderma.com\/inicio\/wp-content\/uploads\/2024\/10\/7415.png 800w\" sizes=\"auto, (max-width: 300px) 100vw, 300px\" \/><img loading=\"lazy\" decoding=\"async\" width=\"300\" height=\"300\" src=\"https:\/\/apoderma.com\/inicio\/wp-content\/uploads\/2024\/10\/20241006_130256-300x300.jpg\" class=\"wp-alt-image\" alt=\"avocari\" srcset=\"https:\/\/apoderma.com\/inicio\/wp-content\/uploads\/2024\/10\/20241006_130256-300x300.jpg 300w, https:\/\/apoderma.com\/inicio\/wp-content\/uploads\/2024\/10\/20241006_130256-1536x1536.jpg 1536w, https:\/\/apoderma.com\/inicio\/wp-content\/uploads\/2024\/10\/20241006_130256-2048x2048.jpg 2048w, https:\/\/apoderma.com\/inicio\/wp-content\/uploads\/2024\/10\/20241006_130256-600x600.jpg 600w, https:\/\/apoderma.com\/inicio\/wp-content\/uploads\/2024\/10\/20241006_130256-100x100.jpg 100w, https:\/\/apoderma.com\/inicio\/wp-content\/uploads\/2024\/10\/20241006_130256-40x40.jpg 40w\" sizes=\"auto, (max-width: 300px) 100vw, 300px\" \/><div class=\"item--overlay\"><\/div><\/a>\t\t\t<\/div>\n\t\t\t<div class=\"product_item--action\">\n\t\t\t\t<div class=\"wrap-addto\"><a class=\"quickview button la-quickview-button\" href=\"https:\/\/apoderma.com\/inicio\/producto\/avocari-crema-manos-y-cuerpo-250-ml\/\" data-href=\"https:\/\/apoderma.com\/inicio\/producto\/avocari-crema-manos-y-cuerpo-250-ml\/?product_quickview=39674\" title=\"Compra r\u00e1pida\">Compra r\u00e1pida<\/a><a class=\"add_wishlist button\" href=\"https:\/\/apoderma.com\/inicio\/lista-de-deseos\/?add_to_wishlist=39674\" title=\"A\u00f1adir a la Lista de Deseos\" rel=\"nofollow\" data-product_title=\"Avocari Crema Manos y Cuerpo 250 mL\" data-product_id=\"39674\">A\u00f1adir a la Lista de Deseos<\/a><\/div><a rel=\"nofollow\" href=\"?add-to-cart=39674\" title=\"A\u00f1adir al carrito\" data-quantity=\"1\" data-product_title=\"Avocari Crema Manos y Cuerpo 250 mL\" data-product_id=\"39674\" data-product_sku=\"7415\" class=\"button product_type_simple add_to_cart_button ajax_add_to_cart\"><span>A\u00f1adir al carrito<\/span><\/a>\t\t\t<\/div>\n\t\t<\/div>\n\t\t<div class=\"product_item--info\">\n\t\t\t<div class=\"product_item--info-inner\">\n\t\t\t\t<div class=\"product_item--category-link\"><a href=\"https:\/\/apoderma.com\/inicio\/categoria-producto\/bebe-y-mama\/\" rel=\"tag\">Beb\u00e9 y Mam\u00e1<\/a><span>, <\/span><a href=\"https:\/\/apoderma.com\/inicio\/categoria-producto\/cuerpo\/\" rel=\"tag\">Cuerpo<\/a><span>, <\/span><a href=\"https:\/\/apoderma.com\/inicio\/categoria-producto\/cuerpo\/manos\/hidratacion-manos\/\" rel=\"tag\">Hidrataci\u00f3n<\/a><span>, <\/span><a href=\"https:\/\/apoderma.com\/inicio\/categoria-producto\/cuerpo\/manos\/\" rel=\"tag\">Manos<\/a><span>, <\/span><a href=\"https:\/\/apoderma.com\/inicio\/categoria-producto\/cuerpo\/piel-seca-o-con-tendencia-atopica\/\" rel=\"tag\">Piel seca o con tendencia at\u00f3pica<\/a><span>, <\/span><a href=\"https:\/\/apoderma.com\/inicio\/categoria-producto\/cuerpo\/pies\/\" rel=\"tag\">Pies<\/a><\/div><h3 class=\"product_item--title\"><a href=\"https:\/\/apoderma.com\/inicio\/producto\/avocari-crema-manos-y-cuerpo-250-ml\/\">Avocari Crema Manos y Cuerpo 250 mL<\/a><\/h3>\n\t<span class=\"price\"><del aria-hidden=\"true\"><span class=\"woocommerce-Price-amount amount\"><bdi><span class=\"woocommerce-Price-currencySymbol\">&#x20a1;<\/span>16 000<\/bdi><\/span><\/del> <span class=\"screen-reader-text\">El precio original era: &#x20a1;16 000.<\/span><ins aria-hidden=\"true\"><span class=\"woocommerce-Price-amount amount\"><bdi><span class=\"woocommerce-Price-currencySymbol\">&#x20a1;<\/span>13 000<\/bdi><\/span><\/ins><span class=\"screen-reader-text\">El precio actual es: &#x20a1;13 000.<\/span> <small class=\"woocommerce-price-suffix\">(IVA incluido)<\/small><\/span>\n<div class=\"item--excerpt\"><p>Crema Manos y Cuerpo Especialmente indicada para piel seca o extremadamente seca. Con Aceite de&hellip;<\/p>\n<\/div>\t\t\t<\/div>\n\t\t\t<div class=\"product_item--action\">\n\t\t\t\t<div class=\"wrap-addto\"><a rel=\"nofollow\" href=\"?add-to-cart=39674\" title=\"A\u00f1adir al carrito\" data-quantity=\"1\" data-product_title=\"Avocari Crema Manos y Cuerpo 250 mL\" data-product_id=\"39674\" data-product_sku=\"7415\" class=\"button product_type_simple add_to_cart_button ajax_add_to_cart\"><span>A\u00f1adir al carrito<\/span><\/a><a class=\"quickview button la-quickview-button\" href=\"https:\/\/apoderma.com\/inicio\/producto\/avocari-crema-manos-y-cuerpo-250-ml\/\" data-href=\"https:\/\/apoderma.com\/inicio\/producto\/avocari-crema-manos-y-cuerpo-250-ml\/?product_quickview=39674\" title=\"Compra r\u00e1pida\">Compra r\u00e1pida<\/a><a class=\"add_wishlist button\" href=\"https:\/\/apoderma.com\/inicio\/lista-de-deseos\/?add_to_wishlist=39674\" title=\"A\u00f1adir a la Lista de Deseos\" rel=\"nofollow\" data-product_title=\"Avocari Crema Manos y Cuerpo 250 mL\" data-product_id=\"39674\">A\u00f1adir a la Lista de Deseos<\/a><\/div>\t\t\t<\/div>\n\t\t<\/div>\n\t\t<\/div>\n<\/li>\n<\/ul><\/div><\/div><\/div>[\/vc_tta_section][vc_tta_section title=\u00bbLO M\u00c1S VENDIDO\u00bb tab_id=\u00bb1568311671005-1840d117-fb52&#8243;]<div id=\"best_selling_products_69f347199d90c\" class=\"woocommerce text-center\"><div class=\"row\"><div class=\"col-xs-12\"><ul class=\"products products-grid products-grid-1 grid-items xlg-grid-5-items lg-grid-5-items md-grid-2-items sm-grid-2-items xs-grid-1-items mb-grid-1-items grid-space-default\"><li class=\"product_item grid-item product thumb-no-effect prod-rating-on type-product post-5439 status-publish first outofstock product_cat-antiedad-hombre product_cat-hombre product_cat-manchas product_cat-rostro product_cat-signos-de-la-edad product_tag-antiedad product_tag-fotoenvejecimiento product_tag-rostro has-post-thumbnail taxable shipping-taxable purchasable product-type-simple\" data-width=\"1\" data-height=\"1\">\n\t\t<div class=\"product_item--inner\">\n\t\t<div class=\"product_item--thumbnail\">\n\t\t\t<div class=\"product_item--thumbnail-holder\">\n\t\t\t\t<a href=\"https:\/\/apoderma.com\/inicio\/producto\/c-vit-serum-liposomal-30-ml\/\" class=\"woocommerce-LoopProduct-link woocommerce-loop-product__link\"><img loading=\"lazy\" decoding=\"async\" width=\"300\" height=\"300\" src=\"https:\/\/apoderma.com\/inicio\/wp-content\/uploads\/2019\/09\/cvit_serum-300x300.png\" class=\"attachment-woocommerce_thumbnail size-woocommerce_thumbnail\" alt=\"C-Vit Seerum liposomal\" srcset=\"https:\/\/apoderma.com\/inicio\/wp-content\/uploads\/2019\/09\/cvit_serum-300x300.png 300w, https:\/\/apoderma.com\/inicio\/wp-content\/uploads\/2019\/09\/cvit_serum-600x600.png 600w, https:\/\/apoderma.com\/inicio\/wp-content\/uploads\/2019\/09\/cvit_serum-100x100.png 100w, https:\/\/apoderma.com\/inicio\/wp-content\/uploads\/2019\/09\/cvit_serum-40x40.png 40w, https:\/\/apoderma.com\/inicio\/wp-content\/uploads\/2019\/09\/cvit_serum.png 1024w\" sizes=\"auto, (max-width: 300px) 100vw, 300px\" \/><span class=\"new-badge badge-out-of-stock\">Sin existencias<\/span><div class=\"item--overlay\"><\/div><\/a>\t\t\t<\/div>\n\t\t\t<div class=\"product_item--action\">\n\t\t\t\t<div class=\"wrap-addto\"><a class=\"quickview button la-quickview-button\" href=\"https:\/\/apoderma.com\/inicio\/producto\/c-vit-serum-liposomal-30-ml\/\" data-href=\"https:\/\/apoderma.com\/inicio\/producto\/c-vit-serum-liposomal-30-ml\/?product_quickview=5439\" title=\"Compra r\u00e1pida\">Compra r\u00e1pida<\/a><a class=\"add_wishlist button\" href=\"https:\/\/apoderma.com\/inicio\/lista-de-deseos\/?add_to_wishlist=5439\" title=\"A\u00f1adir a la Lista de Deseos\" rel=\"nofollow\" data-product_title=\"C-Vit serum liposomal 30 mL\" data-product_id=\"5439\">A\u00f1adir a la Lista de Deseos<\/a><\/div><a rel=\"nofollow\" href=\"https:\/\/apoderma.com\/inicio\/producto\/c-vit-serum-liposomal-30-ml\/\" title=\"Leer m\u00e1s\" data-quantity=\"1\" data-product_title=\"C-Vit serum liposomal 30 mL\" data-product_id=\"5439\" data-product_sku=\"3802\" class=\"button product_type_simple\"><span>Leer m\u00e1s<\/span><\/a>\t\t\t<\/div>\n\t\t<\/div>\n\t\t<div class=\"product_item--info\">\n\t\t\t<div class=\"product_item--info-inner\">\n\t\t\t\t<div class=\"product_item--category-link\"><a href=\"https:\/\/apoderma.com\/inicio\/categoria-producto\/hombre\/antiedad-hombre\/\" rel=\"tag\">Antiedad<\/a><span>, <\/span><a href=\"https:\/\/apoderma.com\/inicio\/categoria-producto\/hombre\/\" rel=\"tag\">Hombre<\/a><span>, <\/span><a href=\"https:\/\/apoderma.com\/inicio\/categoria-producto\/rostro\/manchas\/\" rel=\"tag\">Manchas<\/a><span>, <\/span><a href=\"https:\/\/apoderma.com\/inicio\/categoria-producto\/rostro\/\" rel=\"tag\">Rostro<\/a><span>, <\/span><a href=\"https:\/\/apoderma.com\/inicio\/categoria-producto\/rostro\/signos-de-la-edad\/\" rel=\"tag\">Signos de la edad<\/a><\/div><h3 class=\"product_item--title\"><a href=\"https:\/\/apoderma.com\/inicio\/producto\/c-vit-serum-liposomal-30-ml\/\">C-Vit serum liposomal 30 mL<\/a><\/h3>\n\t<span class=\"price\"><span class=\"woocommerce-Price-amount amount\"><bdi><span class=\"woocommerce-Price-currencySymbol\">&#x20a1;<\/span>26 000<\/bdi><\/span> <small class=\"woocommerce-price-suffix\">(IVA incluido)<\/small><\/span>\n<div class=\"item--excerpt\"><p>Tratamiento intensivo con vitamina C de \u00faltima generaci\u00f3n que funciona como un potente antioxidante. Disponible&hellip;<\/p>\n<\/div>\t\t\t<\/div>\n\t\t\t<div class=\"product_item--action\">\n\t\t\t\t<div class=\"wrap-addto\"><a rel=\"nofollow\" href=\"https:\/\/apoderma.com\/inicio\/producto\/c-vit-serum-liposomal-30-ml\/\" title=\"Leer m\u00e1s\" data-quantity=\"1\" data-product_title=\"C-Vit serum liposomal 30 mL\" data-product_id=\"5439\" data-product_sku=\"3802\" class=\"button product_type_simple\"><span>Leer m\u00e1s<\/span><\/a><a class=\"quickview button la-quickview-button\" href=\"https:\/\/apoderma.com\/inicio\/producto\/c-vit-serum-liposomal-30-ml\/\" data-href=\"https:\/\/apoderma.com\/inicio\/producto\/c-vit-serum-liposomal-30-ml\/?product_quickview=5439\" title=\"Compra r\u00e1pida\">Compra r\u00e1pida<\/a><a class=\"add_wishlist button\" href=\"https:\/\/apoderma.com\/inicio\/lista-de-deseos\/?add_to_wishlist=5439\" title=\"A\u00f1adir a la Lista de Deseos\" rel=\"nofollow\" data-product_title=\"C-Vit serum liposomal 30 mL\" data-product_id=\"5439\">A\u00f1adir a la Lista de Deseos<\/a><\/div>\t\t\t<\/div>\n\t\t<\/div>\n\t\t<\/div>\n<\/li>\n<li class=\"product_item grid-item product thumb-no-effect prod-rating-on type-product post-5435 status-publish instock product_cat-manchas product_cat-rostro product_tag-manchas product_tag-rostro has-post-thumbnail taxable shipping-taxable purchasable product-type-simple\" data-width=\"1\" data-height=\"1\">\n\t\t<div class=\"product_item--inner\">\n\t\t<div class=\"product_item--thumbnail\">\n\t\t\t<div class=\"product_item--thumbnail-holder\">\n\t\t\t\t<a href=\"https:\/\/apoderma.com\/inicio\/producto\/azelac-ru-fluido-luminoso-fps-50-50-ml\/\" class=\"woocommerce-LoopProduct-link woocommerce-loop-product__link\"><img loading=\"lazy\" decoding=\"async\" width=\"300\" height=\"300\" src=\"https:\/\/apoderma.com\/inicio\/wp-content\/uploads\/2019\/09\/3723-300x300.png\" class=\"attachment-woocommerce_thumbnail size-woocommerce_thumbnail\" alt=\"Azelac Ru Fluido luminoso\" srcset=\"https:\/\/apoderma.com\/inicio\/wp-content\/uploads\/2019\/09\/3723-300x300.png 300w, https:\/\/apoderma.com\/inicio\/wp-content\/uploads\/2019\/09\/3723-600x600.png 600w, https:\/\/apoderma.com\/inicio\/wp-content\/uploads\/2019\/09\/3723-100x100.png 100w, https:\/\/apoderma.com\/inicio\/wp-content\/uploads\/2019\/09\/3723-40x40.png 40w, https:\/\/apoderma.com\/inicio\/wp-content\/uploads\/2019\/09\/3723.png 800w\" sizes=\"auto, (max-width: 300px) 100vw, 300px\" \/><div class=\"item--overlay\"><\/div><\/a>\t\t\t<\/div>\n\t\t\t<div class=\"product_item--action\">\n\t\t\t\t<div class=\"wrap-addto\"><a class=\"quickview button la-quickview-button\" href=\"https:\/\/apoderma.com\/inicio\/producto\/azelac-ru-fluido-luminoso-fps-50-50-ml\/\" data-href=\"https:\/\/apoderma.com\/inicio\/producto\/azelac-ru-fluido-luminoso-fps-50-50-ml\/?product_quickview=5435\" title=\"Compra r\u00e1pida\">Compra r\u00e1pida<\/a><a class=\"add_wishlist button\" href=\"https:\/\/apoderma.com\/inicio\/lista-de-deseos\/?add_to_wishlist=5435\" title=\"A\u00f1adir a la Lista de Deseos\" rel=\"nofollow\" data-product_title=\"Azelac Ru Fluido luminoso  FPS 50  50 mL\" data-product_id=\"5435\">A\u00f1adir a la Lista de Deseos<\/a><\/div><a rel=\"nofollow\" href=\"?add-to-cart=5435\" title=\"A\u00f1adir al carrito\" data-quantity=\"1\" data-product_title=\"Azelac Ru Fluido luminoso  FPS 50  50 mL\" data-product_id=\"5435\" data-product_sku=\"3723\" class=\"button product_type_simple add_to_cart_button ajax_add_to_cart\"><span>A\u00f1adir al carrito<\/span><\/a>\t\t\t<\/div>\n\t\t<\/div>\n\t\t<div class=\"product_item--info\">\n\t\t\t<div class=\"product_item--info-inner\">\n\t\t\t\t<div class=\"product_item--category-link\"><a href=\"https:\/\/apoderma.com\/inicio\/categoria-producto\/rostro\/manchas\/\" rel=\"tag\">Manchas<\/a><span>, <\/span><a href=\"https:\/\/apoderma.com\/inicio\/categoria-producto\/rostro\/\" rel=\"tag\">Rostro<\/a><\/div><h3 class=\"product_item--title\"><a href=\"https:\/\/apoderma.com\/inicio\/producto\/azelac-ru-fluido-luminoso-fps-50-50-ml\/\">Azelac Ru Fluido luminoso  FPS 50  50 mL<\/a><\/h3>\n\t<span class=\"price\"><span class=\"woocommerce-Price-amount amount\"><bdi><span class=\"woocommerce-Price-currencySymbol\">&#x20a1;<\/span>28 000<\/bdi><\/span> <small class=\"woocommerce-price-suffix\">(IVA incluido)<\/small><\/span>\n<div class=\"item--excerpt\"><p>Fluido luminoso facial Con activos despigmentantes liposomados que mejoran la apariencia de las manchas y&hellip;<\/p>\n<\/div>\t\t\t<\/div>\n\t\t\t<div class=\"product_item--action\">\n\t\t\t\t<div class=\"wrap-addto\"><a rel=\"nofollow\" href=\"?add-to-cart=5435\" title=\"A\u00f1adir al carrito\" data-quantity=\"1\" data-product_title=\"Azelac Ru Fluido luminoso  FPS 50  50 mL\" data-product_id=\"5435\" data-product_sku=\"3723\" class=\"button product_type_simple add_to_cart_button ajax_add_to_cart\"><span>A\u00f1adir al carrito<\/span><\/a><a class=\"quickview button la-quickview-button\" href=\"https:\/\/apoderma.com\/inicio\/producto\/azelac-ru-fluido-luminoso-fps-50-50-ml\/\" data-href=\"https:\/\/apoderma.com\/inicio\/producto\/azelac-ru-fluido-luminoso-fps-50-50-ml\/?product_quickview=5435\" title=\"Compra r\u00e1pida\">Compra r\u00e1pida<\/a><a class=\"add_wishlist button\" href=\"https:\/\/apoderma.com\/inicio\/lista-de-deseos\/?add_to_wishlist=5435\" title=\"A\u00f1adir a la Lista de Deseos\" rel=\"nofollow\" data-product_title=\"Azelac Ru Fluido luminoso  FPS 50  50 mL\" data-product_id=\"5435\">A\u00f1adir a la Lista de Deseos<\/a><\/div>\t\t\t<\/div>\n\t\t<\/div>\n\t\t<\/div>\n<\/li>\n<li class=\"product_item grid-item product thumb-no-effect prod-rating-on type-product post-9086 status-publish instock product_cat-fotoproteccion product_cat-rostro product_tag-eucerin product_tag-piel-grasa product_tag-proteccion-solar product_tag-rostro product_tag-toque-seco has-post-thumbnail taxable shipping-taxable purchasable product-type-simple\" data-width=\"1\" data-height=\"1\">\n\t\t<div class=\"product_item--inner\">\n\t\t<div class=\"product_item--thumbnail\">\n\t\t\t<div class=\"product_item--thumbnail-holder\">\n\t\t\t\t<a href=\"https:\/\/apoderma.com\/inicio\/producto\/eucerin-sun-control-graso-fps-50-facial-50-ml\/\" class=\"woocommerce-LoopProduct-link woocommerce-loop-product__link\"><img loading=\"lazy\" decoding=\"async\" width=\"300\" height=\"300\" src=\"https:\/\/apoderma.com\/inicio\/wp-content\/uploads\/2020\/01\/eucerin-sun-oil-control-spf50-skinboutique-guatemala-300x300.jpg\" class=\"attachment-woocommerce_thumbnail size-woocommerce_thumbnail\" alt=\"Eucerin control graso\" srcset=\"https:\/\/apoderma.com\/inicio\/wp-content\/uploads\/2020\/01\/eucerin-sun-oil-control-spf50-skinboutique-guatemala-300x300.jpg 300w, https:\/\/apoderma.com\/inicio\/wp-content\/uploads\/2020\/01\/eucerin-sun-oil-control-spf50-skinboutique-guatemala-600x600.jpg 600w, https:\/\/apoderma.com\/inicio\/wp-content\/uploads\/2020\/01\/eucerin-sun-oil-control-spf50-skinboutique-guatemala-100x100.jpg 100w, https:\/\/apoderma.com\/inicio\/wp-content\/uploads\/2020\/01\/eucerin-sun-oil-control-spf50-skinboutique-guatemala-40x40.jpg 40w, https:\/\/apoderma.com\/inicio\/wp-content\/uploads\/2020\/01\/eucerin-sun-oil-control-spf50-skinboutique-guatemala.jpg 1500w\" sizes=\"auto, (max-width: 300px) 100vw, 300px\" \/><div class=\"item--overlay\"><\/div><\/a>\t\t\t<\/div>\n\t\t\t<div class=\"product_item--action\">\n\t\t\t\t<div class=\"wrap-addto\"><a class=\"quickview button la-quickview-button\" href=\"https:\/\/apoderma.com\/inicio\/producto\/eucerin-sun-control-graso-fps-50-facial-50-ml\/\" data-href=\"https:\/\/apoderma.com\/inicio\/producto\/eucerin-sun-control-graso-fps-50-facial-50-ml\/?product_quickview=9086\" title=\"Compra r\u00e1pida\">Compra r\u00e1pida<\/a><a class=\"add_wishlist button\" href=\"https:\/\/apoderma.com\/inicio\/lista-de-deseos\/?add_to_wishlist=9086\" title=\"A\u00f1adir a la Lista de Deseos\" rel=\"nofollow\" data-product_title=\"Eucerin Sun Control Graso FPS 50+ Facial 50 mL\" data-product_id=\"9086\">A\u00f1adir a la Lista de Deseos<\/a><\/div><a rel=\"nofollow\" href=\"?add-to-cart=9086\" title=\"A\u00f1adir al carrito\" data-quantity=\"1\" data-product_title=\"Eucerin Sun Control Graso FPS 50+ Facial 50 mL\" data-product_id=\"9086\" data-product_sku=\"24051\" class=\"button product_type_simple add_to_cart_button ajax_add_to_cart\"><span>A\u00f1adir al carrito<\/span><\/a>\t\t\t<\/div>\n\t\t<\/div>\n\t\t<div class=\"product_item--info\">\n\t\t\t<div class=\"product_item--info-inner\">\n\t\t\t\t<div class=\"product_item--category-link\"><a href=\"https:\/\/apoderma.com\/inicio\/categoria-producto\/rostro\/fotoproteccion\/\" rel=\"tag\">Fotoprotecci\u00f3n<\/a><span>, <\/span><a href=\"https:\/\/apoderma.com\/inicio\/categoria-producto\/rostro\/\" rel=\"tag\">Rostro<\/a><\/div><h3 class=\"product_item--title\"><a href=\"https:\/\/apoderma.com\/inicio\/producto\/eucerin-sun-control-graso-fps-50-facial-50-ml\/\">Eucerin Sun Control Graso FPS 50+ Facial 50 mL<\/a><\/h3>\n\t<span class=\"price\"><span class=\"woocommerce-Price-amount amount\"><bdi><span class=\"woocommerce-Price-currencySymbol\">&#x20a1;<\/span>17 500<\/bdi><\/span> <small class=\"woocommerce-price-suffix\">(IVA incluido)<\/small><\/span>\n<div class=\"item--excerpt\"><p>Protector solar facial Para piel grasa y propensa al acn\u00e9. Presentaci\u00f3n: 50 mL. Disponible compra&hellip;<\/p>\n<\/div>\t\t\t<\/div>\n\t\t\t<div class=\"product_item--action\">\n\t\t\t\t<div class=\"wrap-addto\"><a rel=\"nofollow\" href=\"?add-to-cart=9086\" title=\"A\u00f1adir al carrito\" data-quantity=\"1\" data-product_title=\"Eucerin Sun Control Graso FPS 50+ Facial 50 mL\" data-product_id=\"9086\" data-product_sku=\"24051\" class=\"button product_type_simple add_to_cart_button ajax_add_to_cart\"><span>A\u00f1adir al carrito<\/span><\/a><a class=\"quickview button la-quickview-button\" href=\"https:\/\/apoderma.com\/inicio\/producto\/eucerin-sun-control-graso-fps-50-facial-50-ml\/\" data-href=\"https:\/\/apoderma.com\/inicio\/producto\/eucerin-sun-control-graso-fps-50-facial-50-ml\/?product_quickview=9086\" title=\"Compra r\u00e1pida\">Compra r\u00e1pida<\/a><a class=\"add_wishlist button\" href=\"https:\/\/apoderma.com\/inicio\/lista-de-deseos\/?add_to_wishlist=9086\" title=\"A\u00f1adir a la Lista de Deseos\" rel=\"nofollow\" data-product_title=\"Eucerin Sun Control Graso FPS 50+ Facial 50 mL\" data-product_id=\"9086\">A\u00f1adir a la Lista de Deseos<\/a><\/div>\t\t\t<\/div>\n\t\t<\/div>\n\t\t<\/div>\n<\/li>\n<li class=\"product_item grid-item product thumb-no-effect prod-rating-on type-product post-16726 status-publish last instock product_cat-hidratacion product_cat-piel-grasa product_cat-rostro product_tag-crema product_tag-hidratacion product_tag-piel-grasa product_tag-rostro has-post-thumbnail taxable shipping-taxable purchasable product-type-simple\" data-width=\"1\" data-height=\"1\">\n\t\t<div class=\"product_item--inner\">\n\t\t<div class=\"product_item--thumbnail\">\n\t\t\t<div class=\"product_item--thumbnail-holder\">\n\t\t\t\t<a href=\"https:\/\/apoderma.com\/inicio\/producto\/crema-hidratante-matificante-stop-akn-50-ml\/\" class=\"woocommerce-LoopProduct-link woocommerce-loop-product__link\"><img loading=\"lazy\" decoding=\"async\" width=\"300\" height=\"300\" src=\"https:\/\/apoderma.com\/inicio\/wp-content\/uploads\/2020\/08\/hidratante_matificante_50-300x300.png\" class=\"attachment-woocommerce_thumbnail size-woocommerce_thumbnail\" alt=\"HIDRATANTE MATIFICANTE STOP AKN\" srcset=\"https:\/\/apoderma.com\/inicio\/wp-content\/uploads\/2020\/08\/hidratante_matificante_50-300x300.png 300w, https:\/\/apoderma.com\/inicio\/wp-content\/uploads\/2020\/08\/hidratante_matificante_50-600x600.png 600w, https:\/\/apoderma.com\/inicio\/wp-content\/uploads\/2020\/08\/hidratante_matificante_50-100x100.png 100w, https:\/\/apoderma.com\/inicio\/wp-content\/uploads\/2020\/08\/hidratante_matificante_50-40x40.png 40w, https:\/\/apoderma.com\/inicio\/wp-content\/uploads\/2020\/08\/hidratante_matificante_50.png 700w\" sizes=\"auto, (max-width: 300px) 100vw, 300px\" \/><div class=\"item--overlay\"><\/div><\/a>\t\t\t<\/div>\n\t\t\t<div class=\"product_item--action\">\n\t\t\t\t<div class=\"wrap-addto\"><a class=\"quickview button la-quickview-button\" href=\"https:\/\/apoderma.com\/inicio\/producto\/crema-hidratante-matificante-stop-akn-50-ml\/\" data-href=\"https:\/\/apoderma.com\/inicio\/producto\/crema-hidratante-matificante-stop-akn-50-ml\/?product_quickview=16726\" title=\"Compra r\u00e1pida\">Compra r\u00e1pida<\/a><a class=\"add_wishlist button\" href=\"https:\/\/apoderma.com\/inicio\/lista-de-deseos\/?add_to_wishlist=16726\" title=\"A\u00f1adir a la Lista de Deseos\" rel=\"nofollow\" data-product_title=\"Crema Hidratante Matificante STOP AKN 50 mL\" data-product_id=\"16726\">A\u00f1adir a la Lista de Deseos<\/a><\/div><a rel=\"nofollow\" href=\"?add-to-cart=16726\" title=\"A\u00f1adir al carrito\" data-quantity=\"1\" data-product_title=\"Crema Hidratante Matificante STOP AKN 50 mL\" data-product_id=\"16726\" data-product_sku=\"1783134\" class=\"button product_type_simple add_to_cart_button ajax_add_to_cart\"><span>A\u00f1adir al carrito<\/span><\/a>\t\t\t<\/div>\n\t\t<\/div>\n\t\t<div class=\"product_item--info\">\n\t\t\t<div class=\"product_item--info-inner\">\n\t\t\t\t<div class=\"product_item--category-link\"><a href=\"https:\/\/apoderma.com\/inicio\/categoria-producto\/rostro\/hidratacion\/\" rel=\"tag\">Hidrataci\u00f3n<\/a><span>, <\/span><a href=\"https:\/\/apoderma.com\/inicio\/categoria-producto\/rostro\/piel-grasa\/\" rel=\"tag\">Piel grasa<\/a><span>, <\/span><a href=\"https:\/\/apoderma.com\/inicio\/categoria-producto\/rostro\/\" rel=\"tag\">Rostro<\/a><\/div><h3 class=\"product_item--title\"><a href=\"https:\/\/apoderma.com\/inicio\/producto\/crema-hidratante-matificante-stop-akn-50-ml\/\">Crema Hidratante Matificante STOP AKN 50 mL<\/a><\/h3>\n\t<span class=\"price\"><span class=\"woocommerce-Price-amount amount\"><bdi><span class=\"woocommerce-Price-currencySymbol\">&#x20a1;<\/span>24 788<\/bdi><\/span> <small class=\"woocommerce-price-suffix\">(IVA incluido)<\/small><\/span>\n<div class=\"item--excerpt\"><p>Crema Hidratante matificante Hidrataci\u00f3n diaria de las pieles grasas o con tendencia acneica. Regula la&hellip;<\/p>\n<\/div>\t\t\t<\/div>\n\t\t\t<div class=\"product_item--action\">\n\t\t\t\t<div class=\"wrap-addto\"><a rel=\"nofollow\" href=\"?add-to-cart=16726\" title=\"A\u00f1adir al carrito\" data-quantity=\"1\" data-product_title=\"Crema Hidratante Matificante STOP AKN 50 mL\" data-product_id=\"16726\" data-product_sku=\"1783134\" class=\"button product_type_simple add_to_cart_button ajax_add_to_cart\"><span>A\u00f1adir al carrito<\/span><\/a><a class=\"quickview button la-quickview-button\" href=\"https:\/\/apoderma.com\/inicio\/producto\/crema-hidratante-matificante-stop-akn-50-ml\/\" data-href=\"https:\/\/apoderma.com\/inicio\/producto\/crema-hidratante-matificante-stop-akn-50-ml\/?product_quickview=16726\" title=\"Compra r\u00e1pida\">Compra r\u00e1pida<\/a><a class=\"add_wishlist button\" href=\"https:\/\/apoderma.com\/inicio\/lista-de-deseos\/?add_to_wishlist=16726\" title=\"A\u00f1adir a la Lista de Deseos\" rel=\"nofollow\" data-product_title=\"Crema Hidratante Matificante STOP AKN 50 mL\" data-product_id=\"16726\">A\u00f1adir a la Lista de Deseos<\/a><\/div>\t\t\t<\/div>\n\t\t<\/div>\n\t\t<\/div>\n<\/li>\n<li class=\"product_item grid-item product thumb-no-effect prod-rating-on type-product post-18164 status-publish first instock product_cat-hidratacion product_cat-piel-grasa product_cat-rostro product_tag-hidratacion product_tag-piel-grasa product_tag-rostro has-post-thumbnail taxable shipping-taxable purchasable product-type-simple\" data-width=\"1\" data-height=\"1\">\n\t\t<div class=\"product_item--inner\">\n\t\t<div class=\"product_item--thumbnail\">\n\t\t\t<div class=\"product_item--thumbnail-holder\">\n\t\t\t\t<a href=\"https:\/\/apoderma.com\/inicio\/producto\/salises-gel-hidratante-50-ml\/\" class=\"woocommerce-LoopProduct-link woocommerce-loop-product__link\"><img loading=\"lazy\" decoding=\"async\" width=\"300\" height=\"300\" src=\"https:\/\/apoderma.com\/inicio\/wp-content\/uploads\/2020\/09\/salises_gel-300x300.png\" class=\"attachment-woocommerce_thumbnail size-woocommerce_thumbnail\" alt=\"Salises\" srcset=\"https:\/\/apoderma.com\/inicio\/wp-content\/uploads\/2020\/09\/salises_gel-300x300.png 300w, https:\/\/apoderma.com\/inicio\/wp-content\/uploads\/2020\/09\/salises_gel-600x600.png 600w, https:\/\/apoderma.com\/inicio\/wp-content\/uploads\/2020\/09\/salises_gel-100x100.png 100w, https:\/\/apoderma.com\/inicio\/wp-content\/uploads\/2020\/09\/salises_gel-40x40.png 40w, https:\/\/apoderma.com\/inicio\/wp-content\/uploads\/2020\/09\/salises_gel.png 1024w\" sizes=\"auto, (max-width: 300px) 100vw, 300px\" \/><div class=\"item--overlay\"><\/div><\/a>\t\t\t<\/div>\n\t\t\t<div class=\"product_item--action\">\n\t\t\t\t<div class=\"wrap-addto\"><a class=\"quickview button la-quickview-button\" href=\"https:\/\/apoderma.com\/inicio\/producto\/salises-gel-hidratante-50-ml\/\" data-href=\"https:\/\/apoderma.com\/inicio\/producto\/salises-gel-hidratante-50-ml\/?product_quickview=18164\" title=\"Compra r\u00e1pida\">Compra r\u00e1pida<\/a><a class=\"add_wishlist button\" href=\"https:\/\/apoderma.com\/inicio\/lista-de-deseos\/?add_to_wishlist=18164\" title=\"A\u00f1adir a la Lista de Deseos\" rel=\"nofollow\" data-product_title=\"Salises Gel Hidratante 50 mL\" data-product_id=\"18164\">A\u00f1adir a la Lista de Deseos<\/a><\/div><a rel=\"nofollow\" href=\"?add-to-cart=18164\" title=\"A\u00f1adir al carrito\" data-quantity=\"1\" data-product_title=\"Salises Gel Hidratante 50 mL\" data-product_id=\"18164\" data-product_sku=\"8156\" class=\"button product_type_simple add_to_cart_button ajax_add_to_cart\"><span>A\u00f1adir al carrito<\/span><\/a>\t\t\t<\/div>\n\t\t<\/div>\n\t\t<div class=\"product_item--info\">\n\t\t\t<div class=\"product_item--info-inner\">\n\t\t\t\t<div class=\"product_item--category-link\"><a href=\"https:\/\/apoderma.com\/inicio\/categoria-producto\/rostro\/hidratacion\/\" rel=\"tag\">Hidrataci\u00f3n<\/a><span>, <\/span><a href=\"https:\/\/apoderma.com\/inicio\/categoria-producto\/rostro\/piel-grasa\/\" rel=\"tag\">Piel grasa<\/a><span>, <\/span><a href=\"https:\/\/apoderma.com\/inicio\/categoria-producto\/rostro\/\" rel=\"tag\">Rostro<\/a><\/div><h3 class=\"product_item--title\"><a href=\"https:\/\/apoderma.com\/inicio\/producto\/salises-gel-hidratante-50-ml\/\">Salises Gel Hidratante 50 mL<\/a><\/h3>\n\t<span class=\"price\"><span class=\"woocommerce-Price-amount amount\"><bdi><span class=\"woocommerce-Price-currencySymbol\">&#x20a1;<\/span>25 500<\/bdi><\/span> <small class=\"woocommerce-price-suffix\">(IVA incluido)<\/small><\/span>\n<div class=\"item--excerpt\"><p>Gel hidratante Hidrataci\u00f3n y tratamiento de pieles grasas con tendencia acneica. Disponible compra mediante WhatsApp&hellip;<\/p>\n<\/div>\t\t\t<\/div>\n\t\t\t<div class=\"product_item--action\">\n\t\t\t\t<div class=\"wrap-addto\"><a rel=\"nofollow\" href=\"?add-to-cart=18164\" title=\"A\u00f1adir al carrito\" data-quantity=\"1\" data-product_title=\"Salises Gel Hidratante 50 mL\" data-product_id=\"18164\" data-product_sku=\"8156\" class=\"button product_type_simple add_to_cart_button ajax_add_to_cart\"><span>A\u00f1adir al carrito<\/span><\/a><a class=\"quickview button la-quickview-button\" href=\"https:\/\/apoderma.com\/inicio\/producto\/salises-gel-hidratante-50-ml\/\" data-href=\"https:\/\/apoderma.com\/inicio\/producto\/salises-gel-hidratante-50-ml\/?product_quickview=18164\" title=\"Compra r\u00e1pida\">Compra r\u00e1pida<\/a><a class=\"add_wishlist button\" href=\"https:\/\/apoderma.com\/inicio\/lista-de-deseos\/?add_to_wishlist=18164\" title=\"A\u00f1adir a la Lista de Deseos\" rel=\"nofollow\" data-product_title=\"Salises Gel Hidratante 50 mL\" data-product_id=\"18164\">A\u00f1adir a la Lista de Deseos<\/a><\/div>\t\t\t<\/div>\n\t\t<\/div>\n\t\t<\/div>\n<\/li>\n<\/ul><\/div><\/div><\/div>[\/vc_tta_section][\/vc_tta_tabs][\/vc_column][\/vc_row][vc_row full_width=\u00bbstretch_row_content\u00bb content_placement=\u00bbmiddle\u00bb css=\u00bb.vc_custom_1576787191102{background-image: url(https:\/\/apoderma.com\/inicio\/wp-content\/uploads\/2019\/09\/fondo-blog.jpg?id=5172) !important;background-position: center !important;background-repeat: no-repeat !important;background-size: cover !important;}\u00bb][vc_column]<div id=\"la_divider69f34719ab711\" class=\"js-el la-divider la-unit-responsive\" data-la_component=\"UnitResponsive\"  data-el_target='#la_divider69f34719ab711'  data-el_media_sizes='{&quot;padding-top&quot;:&quot;lg:60px;sm:45px;mb:30px;&quot;}' ><\/div>\n<div id=\"la_heading_69f34719ab7e8\" class=\"la-headings text-center\"><h1 class=\"js-el heading-tag la-unit-responsive font-weight-500 margin-bottom-5\" style=\"\" >CONSEJOS Y M\u00c1S EN DERMOCOSM\u00c9TICA<\/h1><div class=\"js-el subheading-tag la-unit-responsive\" style=\"\" ><h1 style=\"color: #6f2a8e;\"><a href=\"https:\/\/www.linkedin.com\/in\/cristina-prado-farmaceutica\/\">BLOG DE LA DRA. CRISTINA PRADO<\/a><\/h1>\n<\/div><\/div>\n<div id=\"la_divider69f34719ab8cb\" class=\"js-el la-divider la-unit-responsive\" data-la_component=\"UnitResponsive\"  data-el_target='#la_divider69f34719ab8cb'  data-el_media_sizes='{&quot;padding-top&quot;:&quot;lg:10px;sm:45px;mb:30px;&quot;}' ><\/div>\n<div id=\"la_showposts_69f34719abfcf\" class=\"wpb_content_element la-showposts\">\n    <div class=\"la-loop showposts-loop blog-2 showposts-blog grid-items grid-space-30 js-el la-slick-slider\" data-la_component=\"AutoCarousel\" data-slider_config=\"{&quot;slidesToShow&quot;:2,&quot;slidesToScroll&quot;:2,&quot;dots&quot;:false,&quot;autoplay&quot;:true,&quot;autoplaySpeed&quot;:5000,&quot;speed&quot;:300,&quot;infinite&quot;:false,&quot;arrows&quot;:false,&quot;swipe&quot;:false,&quot;draggable&quot;:false,&quot;touchMove&quot;:false,&quot;pauseOnHover&quot;:false,&quot;respondTo&quot;:&quot;slider&quot;,&quot;responsive&quot;:[{&quot;breakpoint&quot;:1824,&quot;settings&quot;:{&quot;slidesToShow&quot;:2,&quot;slidesToScroll&quot;:2}},{&quot;breakpoint&quot;:1200,&quot;settings&quot;:{&quot;slidesToShow&quot;:2,&quot;slidesToScroll&quot;:2}},{&quot;breakpoint&quot;:992,&quot;settings&quot;:{&quot;slidesToShow&quot;:1,&quot;slidesToScroll&quot;:1}},{&quot;breakpoint&quot;:768,&quot;settings&quot;:{&quot;slidesToShow&quot;:1,&quot;slidesToScroll&quot;:1}},{&quot;breakpoint&quot;:480,&quot;settings&quot;:{&quot;slidesToShow&quot;:1,&quot;slidesToScroll&quot;:1}}],&quot;pauseOnDotsHover&quot;:true}\"><article class=\"loop-item grid-item blog_item show-excerpt post-39962 post type-post status-publish format-standard has-post-thumbnail hentry category-tendencias-de-la-industria tag-sostenibilidad tag-tendencias\">\n    <div class=\"blog_item--inner item-inner\">\n        <div class=\"blog_item--inner2 item-inner-wrap\">\n                            <div class=\"blog_item--thumbnail blog_item--thumbnail-with-effect\">\n                    <a href=\"https:\/\/apoderma.com\/inicio\/2026\/03\/28\/reconocimiento-sello-verde\/\">\n                        <img loading=\"lazy\" decoding=\"async\" width=\"270\" height=\"200\" src=\"https:\/\/apoderma.com\/inicio\/wp-content\/uploads\/2026\/03\/Entrada-al-blog-Mar-2026-270x200.png\" class=\"attachment-270x200 size-270x200 wp-post-image\" alt=\"Sello verde\" \/>                        <span class=\"pf-icon pf-icon-link\"><\/span>\n                        <div class=\"item--overlay\"><\/div>\n                    <\/a>\n                <\/div>\n                        <div class=\"blog_item--info clearfix\">\n                <div class=\"blog_item--category-link\"><span class=\"screen-reader-text\">en <\/span><span><a href=\"https:\/\/apoderma.com\/inicio\/category\/tendencias-de-la-industria\/\" rel=\"category tag\">Tendencias de la industria<\/a><\/span><\/div>                <div class=\"blog_item--title entry-header\">\n                    <h3 class=\"entry-title\"><a href=\"https:\/\/apoderma.com\/inicio\/2026\/03\/28\/reconocimiento-sello-verde\/\">Reconocimiento Sello Verde<\/a><\/h3>                <\/div>\n\t\t\t\t                <div class=\"blog_item--meta entry-meta clearfix\"><span class=\"byline\"><span class=\"author vcard\"><i class=\"fa-user-o\"><\/i><a class=\"url fn n\" href=\"https:\/\/apoderma.com\/inicio\/author\/cprado\/\"><span class=\"screen-reader-text\">por <\/span>Cristina Prado Chinchilla<\/a><\/span><\/span><span class=\"posted-on\"><i class=\"la-icon ui-2_time-clock\"><\/i> <span class=\"screen-reader-text\"> <\/span><a href=\"https:\/\/apoderma.com\/inicio\/2026\/03\/28\/reconocimiento-sello-verde\/\" rel=\"bookmark\"><time class=\"entry-date published updated\" datetime=\"2026-03-28T14:24:45-06:00\">03\/28\/2026<\/time><\/a><\/span><\/div><!-- .entry-meta -->\n\t\t\t\t                                    <div class=\"blog_item--excerpt entry-excerpt\"><p>En ApoDerma creemos que la piel merece mucho m\u00e1s que cosm\u00e9tica: merece ciencia, respeto por la naturaleza y resultados reales.<\/p>\n<\/div>\n                \t\t\t\t                <div class=\"blog_item--meta-footer clearfix\">\n\t\t\t\t\t                    <a class=\"blog_item--readmore\" href=\"https:\/\/apoderma.com\/inicio\/2026\/03\/28\/reconocimiento-sello-verde\/\">Leer m\u00e1s<\/a>\n\t\t\t\t\t                <\/div>\n            <\/div>\n        <\/div>\n    <\/div>\n<\/article><article class=\"loop-item grid-item blog_item show-excerpt post-39880 post type-post status-publish format-video has-post-thumbnail hentry category-tendencias-de-la-industria tag-sostenibilidad tag-tendencias post_format-post-format-video\">\n    <div class=\"blog_item--inner item-inner\">\n        <div class=\"blog_item--inner2 item-inner-wrap\">\n                            <div class=\"blog_item--thumbnail blog_item--thumbnail-with-effect\">\n                    <a href=\"https:\/\/apoderma.com\/inicio\/2025\/08\/11\/dermocosmetica-sostenible\/\">\n                        <img loading=\"lazy\" decoding=\"async\" width=\"270\" height=\"200\" src=\"https:\/\/apoderma.com\/inicio\/wp-content\/uploads\/2025\/08\/Entrada-al-blog-Dermocosmetica-Sostenible-270x200.png\" class=\"attachment-270x200 size-270x200 wp-post-image\" alt=\"Dermocosm\u00e9tica sostenible\" \/>                        <span class=\"pf-icon pf-icon-link\"><\/span>\n                        <div class=\"item--overlay\"><\/div>\n                    <\/a>\n                <\/div>\n                        <div class=\"blog_item--info clearfix\">\n                <div class=\"blog_item--category-link\"><span class=\"screen-reader-text\">en <\/span><span><a href=\"https:\/\/apoderma.com\/inicio\/category\/tendencias-de-la-industria\/\" rel=\"category tag\">Tendencias de la industria<\/a><\/span><\/div>                <div class=\"blog_item--title entry-header\">\n                    <h3 class=\"entry-title\"><a href=\"https:\/\/apoderma.com\/inicio\/2025\/08\/11\/dermocosmetica-sostenible\/\">Dermocosm\u00e9tica Sostenible<\/a><\/h3>                <\/div>\n\t\t\t\t                <div class=\"blog_item--meta entry-meta clearfix\"><span class=\"byline\"><span class=\"author vcard\"><i class=\"fa-user-o\"><\/i><a class=\"url fn n\" href=\"https:\/\/apoderma.com\/inicio\/author\/cprado\/\"><span class=\"screen-reader-text\">por <\/span>Cristina Prado Chinchilla<\/a><\/span><\/span><span class=\"posted-on\"><i class=\"la-icon ui-2_time-clock\"><\/i> <span class=\"screen-reader-text\"> <\/span><a href=\"https:\/\/apoderma.com\/inicio\/2025\/08\/11\/dermocosmetica-sostenible\/\" rel=\"bookmark\"><time class=\"entry-date published\" datetime=\"2025-08-11T19:06:33-06:00\">08\/11\/2025<\/time><time class=\"updated hidden\" datetime=\"2026-04-01T09:33:27-06:00\">04\/01\/2026<\/time><\/a><\/span><\/div><!-- .entry-meta -->\n\t\t\t\t                                    <div class=\"blog_item--excerpt entry-excerpt\"><p>En ApoDerma creemos que la piel merece mucho m\u00e1s que cosm\u00e9tica: merece ciencia, respeto por la naturaleza y resultados reales.<\/p>\n<\/div>\n                \t\t\t\t                <div class=\"blog_item--meta-footer clearfix\">\n\t\t\t\t\t                    <a class=\"blog_item--readmore\" href=\"https:\/\/apoderma.com\/inicio\/2025\/08\/11\/dermocosmetica-sostenible\/\">Leer m\u00e1s<\/a>\n\t\t\t\t\t                <\/div>\n            <\/div>\n        <\/div>\n    <\/div>\n<\/article><\/div>\n<!-- .posts-loop -->    <\/div>[\/vc_column][\/vc_row][vc_row][vc_column]<div id=\"la_divider69f34719b024c\" class=\"js-el la-divider la-unit-responsive\" data-la_component=\"UnitResponsive\"  data-el_target='#la_divider69f34719b024c'  data-el_media_sizes='{&quot;padding-top&quot;:&quot;lg:45px;sm:30px;&quot;}' ><\/div>\n<div id=\"la_heading_69f34719b02e1\" class=\"la-headings text-center vc_custom_1661809420504\"><div class=\"js-el heading-tag la-unit-responsive letter-spacing--2 font-weight-300\" style=\"color:#343538\"  data-la_component=\"UnitResponsive\"  data-el_target='#la_heading_69f34719b02e1 .heading-tag'  data-el_media_sizes='{&quot;font-size&quot;:&quot;lg:28px;&quot;,&quot;line-height&quot;:&quot;lg:30px;&quot;}' >MARCAS DESTACADAS<\/div><\/div>\n[\/vc_column][\/vc_row][vc_row full_width=\u00bbstretch_row_content\u00bb equal_height=\u00bbyes\u00bb content_placement=\u00bbmiddle\u00bb el_class=\u00bbrow&#8211;maxwidth-1760&#8243; css=\u00bb.vc_custom_1575581072293{margin-top: -20px !important;margin-bottom: 40px !important;}\u00bb][vc_column width=\u00bb1\/6&#8243;][\/vc_column][vc_column width=\u00bb2\/3&#8243;]<div id=\"la_divider69f34719b0337\" class=\"js-el la-divider la-unit-responsive\" data-la_component=\"UnitResponsive\"  data-el_target='#la_divider69f34719b0337'  data-el_media_sizes='{&quot;padding-top&quot;:&quot;lg:35px;&quot;}' ><\/div>\n<div id=\"la_carousel_2441394169f34719b059d\" class=\"la-carousel-wrapper la_carousel_horizontal slider-image-overlay\" data-gutter=\"15\">\n    <div data-la_component=\"AutoCarousel\" class=\"js-el la-slick-slider\" data-slider_config=\"{&quot;slidesToShow&quot;:6,&quot;slidesToScroll&quot;:6,&quot;dots&quot;:false,&quot;autoplaySpeed&quot;:5000,&quot;speed&quot;:300,&quot;infinite&quot;:false,&quot;arrows&quot;:false,&quot;swipe&quot;:true,&quot;draggable&quot;:true,&quot;touchMove&quot;:true,&quot;pauseOnHover&quot;:false,&quot;respondTo&quot;:&quot;slider&quot;,&quot;responsive&quot;:[{&quot;breakpoint&quot;:1824,&quot;settings&quot;:{&quot;slidesToShow&quot;:6,&quot;slidesToScroll&quot;:6}},{&quot;breakpoint&quot;:1200,&quot;settings&quot;:{&quot;slidesToShow&quot;:5,&quot;slidesToScroll&quot;:5}},{&quot;breakpoint&quot;:992,&quot;settings&quot;:{&quot;slidesToShow&quot;:4,&quot;slidesToScroll&quot;:4}},{&quot;breakpoint&quot;:768,&quot;settings&quot;:{&quot;slidesToShow&quot;:3,&quot;slidesToScroll&quot;:3}},{&quot;breakpoint&quot;:480,&quot;settings&quot;:{&quot;slidesToShow&quot;:3,&quot;slidesToScroll&quot;:3}}],&quot;pauseOnDotsHover&quot;:true}\">\n        [vc_single_image image=\u00bb39676&#8243; img_size=\u00bbfull\u00bb add_caption=\u00bbyes\u00bb alignment=\u00bbcenter\u00bb][vc_single_image image=\u00bb28160&#8243; img_size=\u00bbfull\u00bb add_caption=\u00bbyes\u00bb alignment=\u00bbcenter\u00bb][vc_single_image image=\u00bb38971&#8243; img_size=\u00bbfull\u00bb alignment=\u00bbcenter\u00bb][vc_single_image image=\u00bb39240&#8243; img_size=\u00bbfull\u00bb alignment=\u00bbcenter\u00bb][vc_single_image image=\u00bb32380&#8243; img_size=\u00bbfull\u00bb add_caption=\u00bbyes\u00bb alignment=\u00bbcenter\u00bb][vc_single_image image=\u00bb38871&#8243; img_size=\u00bbfull\u00bb alignment=\u00bbcenter\u00bb][vc_single_image image=\u00bb39236&#8243; img_size=\u00bbfull\u00bb alignment=\u00bbcenter\u00bb][vc_single_image image=\u00bb37913&#8243; img_size=\u00bbfull\u00bb alignment=\u00bbcenter\u00bb][vc_single_image image=\u00bb25635&#8243; img_size=\u00bbfull\u00bb alignment=\u00bbcenter\u00bb][vc_single_image image=\u00bb9368&#8243;][vc_single_image image=\u00bb9367&#8243;][vc_single_image image=\u00bb39484&#8243; img_size=\u00bbfull\u00bb alignment=\u00bbcenter\u00bb]    <\/div>\n<\/div>\n<span data-la_component=\"InsertCustomCSS\" class=\"js-el hidden\">\n    #la_carousel_2441394169f34719b059d{\n        margin-left: -15px;\n        margin-right: -15px;\n    }\n    #la_carousel_2441394169f34719b059d .la-item-wrap.slick-slide{\n        padding-left: 15px;\n        padding-right: 15px;\n    }\n<\/span><div id=\"la_divider69f34719b0830\" class=\"js-el la-divider la-unit-responsive\" data-la_component=\"UnitResponsive\"  data-el_target='#la_divider69f34719b0830'  data-el_media_sizes='{&quot;padding-top&quot;:&quot;lg:0px;&quot;}' ><\/div>\n[\/vc_column][vc_column width=\u00bb1\/6&#8243;][\/vc_column][\/vc_row][vc_row][vc_column]<div id=\"la_heading_69f34719b08b3\" class=\"la-headings text-center vc_custom_1661809430989\"><div class=\"js-el heading-tag la-unit-responsive letter-spacing--2 font-weight-300\" style=\"color:#343538\"  data-la_component=\"UnitResponsive\"  data-el_target='#la_heading_69f34719b08b3 .heading-tag'  data-el_media_sizes='{&quot;font-size&quot;:&quot;lg:28px;&quot;,&quot;line-height&quot;:&quot;lg:30px;&quot;}' >TESTIMONIOS<\/div><\/div>\n<div id=\"la_testimonial_69f34719b0b86\" class=\"wpb_content_element la-testimonials CCNETTestimonios\">\n        <div class=\"la-loop testimonial-loop la_testimonials loop-style-2 la_testimonials--style-2 grid-items grid-space-30 js-el la-slick-slider\" data-la_component=\"AutoCarousel\" data-slick_customPaging=\"&lt;span style=&quot;color:#6f2a8e;&quot;&gt;&lt;svg&gt;&lt;use xlink:href=&quot;#dlicon-dot5&quot;&gt;&lt;\/use&gt;&lt;\/svg&gt;&lt;\/span&gt;\" data-slider_config=\"{&quot;slidesToShow&quot;:2,&quot;slidesToScroll&quot;:2,&quot;dots&quot;:true,&quot;autoplay&quot;:true,&quot;autoplaySpeed&quot;:5000,&quot;speed&quot;:300,&quot;infinite&quot;:true,&quot;arrows&quot;:false,&quot;swipe&quot;:false,&quot;draggable&quot;:false,&quot;touchMove&quot;:false,&quot;pauseOnHover&quot;:false,&quot;respondTo&quot;:&quot;slider&quot;,&quot;responsive&quot;:[{&quot;breakpoint&quot;:1824,&quot;settings&quot;:{&quot;slidesToShow&quot;:2,&quot;slidesToScroll&quot;:2}},{&quot;breakpoint&quot;:1200,&quot;settings&quot;:{&quot;slidesToShow&quot;:2,&quot;slidesToScroll&quot;:2}},{&quot;breakpoint&quot;:992,&quot;settings&quot;:{&quot;slidesToShow&quot;:1,&quot;slidesToScroll&quot;:1}},{&quot;breakpoint&quot;:768,&quot;settings&quot;:{&quot;slidesToShow&quot;:1,&quot;slidesToScroll&quot;:1}},{&quot;breakpoint&quot;:480,&quot;settings&quot;:{&quot;slidesToShow&quot;:1,&quot;slidesToScroll&quot;:1}}],&quot;pauseOnDotsHover&quot;:true}\"><div class=\"loop-item grid-item testimonial_item post-39019 la_testimonial type-la_testimonial status-publish hentry\">\n    <div class=\"testimonial_item--inner item-inner\">\n                <div class=\"testimonial_item--info\">\n            <div class=\"testimonial_item--excerpt\">&quot;La Dra es excelente tiene un trato s\u00faper lindo y pone mucho amor a lo que hace!&quot;<\/div>\n        <\/div>\n        <div class=\"testimonial_item--bottom\">\n            <div class=\"testimonial_item--title-role\">\n                <div class=\"testimonial_item--title\">Atenci\u00f3n de la Dra. Prado<\/div>            <\/div>\n        <\/div>\n    <\/div>\n<\/div><div class=\"loop-item grid-item testimonial_item post-39018 la_testimonial type-la_testimonial status-publish hentry\">\n    <div class=\"testimonial_item--inner item-inner\">\n                <div class=\"testimonial_item--info\">\n            <div class=\"testimonial_item--excerpt\">&quot;Me encanta la atenci\u00f3n brindada por la Dra. le recomienda los productos adecuados de acuerdo a la necesidad de cada persona, sin importar los precios ella siempre brinda opciones donde se puede ver la calidad e inter\u00e9s de ofrecer los mejores productos a sus pacientes &quot;<\/div>\n        <\/div>\n        <div class=\"testimonial_item--bottom\">\n            <div class=\"testimonial_item--title-role\">\n                <div class=\"testimonial_item--title\">Atenci\u00f3n de consultas<\/div>            <\/div>\n        <\/div>\n    <\/div>\n<\/div><div class=\"loop-item grid-item testimonial_item post-38980 la_testimonial type-la_testimonial status-publish hentry\">\n    <div class=\"testimonial_item--inner item-inner\">\n                <div class=\"testimonial_item--info\">\n            <div class=\"testimonial_item--excerpt\">&quot;Gracias por el tiempo de consulta de forma gratuita y el profesionalismo&quot;<\/div>\n        <\/div>\n        <div class=\"testimonial_item--bottom\">\n            <div class=\"testimonial_item--title-role\">\n                <div class=\"testimonial_item--title\">Atenci\u00f3n de consultas<\/div>            <\/div>\n        <\/div>\n    <\/div>\n<\/div><div class=\"loop-item grid-item testimonial_item post-38979 la_testimonial type-la_testimonial status-publish hentry\">\n    <div class=\"testimonial_item--inner item-inner\">\n                <div class=\"testimonial_item--info\">\n            <div class=\"testimonial_item--excerpt\">&quot;Excelente la asesor\u00eda sobre los productos y los tiempos de entrega.&quot;<\/div>\n        <\/div>\n        <div class=\"testimonial_item--bottom\">\n            <div class=\"testimonial_item--title-role\">\n                <div class=\"testimonial_item--title\">Asesor\u00eda y tiempo de entrega<\/div>            <\/div>\n        <\/div>\n    <\/div>\n<\/div><\/div>\n<!-- .testimonial-loop -->    <\/div>[\/vc_column][\/vc_row]<\/p>\n<\/div>","protected":false},"excerpt":{"rendered":"<p>[vc_row][vc_column][rev_slider_vc alias=\u00bbslider-principal\u00bb][\/vc_column][\/vc_row][vc_row][vc_column][vc_text_separator title=\u00bb\u00bb color=\u00bbwhite\u00bb css=\u00bb.vc_custom_1568309280866{margin-top: 10px !important;margin-bottom: 10px !important;}\u00bb][\/vc_column][\/vc_row][vc_row el_class=\u00bbdemo-09-collection-grid\u00bb][vc_column el_id=\u00bbespacio-medio\u00bb][\/vc_column][\/vc_row][vc_row][vc_column][vc_tta_tabs active_section=\u00bb1&#8243; el_class=\u00bbdemo_12_tab\u00bb][vc_tta_section title=\u00bbNOVEDADES\u00bb tab_id=\u00bb1568311670446-b5cf881d-e5ce\u00bb][\/vc_tta_section][vc_tta_section&hellip;<\/p>\n","protected":false},"author":1,"featured_media":0,"parent":0,"menu_order":0,"comment_status":"closed","ping_status":"closed","template":"","meta":{"_glsr_average":0,"_glsr_ranking":0,"_glsr_reviews":0,"footnotes":""},"class_list":["post-3851","page","type-page","status-publish","hentry"],"yoast_head":"<!-- This site is optimized with the Yoast SEO plugin v25.3.1 - https:\/\/yoast.com\/wordpress\/plugins\/seo\/ -->\n<title>Especialistas en Dermocosm\u00e9tica - Apo Derma Store<\/title>\n<meta name=\"description\" content=\"Sitio oficial de ApoDerma, especialistas en Dermocosm\u00e9tica. Descubre productos, servicios y programa de formaci\u00f3n.\" \/>\n<meta name=\"robots\" content=\"index, follow, max-snippet:-1, max-image-preview:large, max-video-preview:-1\" \/>\n<link rel=\"canonical\" href=\"https:\/\/apoderma.com\/inicio\/\" \/>\n<meta property=\"og:locale\" content=\"es_ES\" \/>\n<meta property=\"og:type\" content=\"article\" \/>\n<meta property=\"og:title\" content=\"Especialistas en Dermocosm\u00e9tica - Apo Derma Store\" \/>\n<meta property=\"og:description\" content=\"Sitio oficial de ApoDerma, especialistas en Dermocosm\u00e9tica. Descubre productos, servicios y programa de formaci\u00f3n.\" \/>\n<meta property=\"og:url\" content=\"https:\/\/apoderma.com\/inicio\/\" \/>\n<meta property=\"og:site_name\" content=\"Apo Derma Store\" \/>\n<meta property=\"article:modified_time\" content=\"2026-04-01T16:55:26+00:00\" \/>\n<meta name=\"twitter:card\" content=\"summary_large_image\" \/>\n<meta name=\"twitter:label1\" content=\"Tiempo de lectura\" \/>\n\t<meta name=\"twitter:data1\" content=\"2 minutos\" \/>\n<script type=\"application\/ld+json\" class=\"yoast-schema-graph\">{\"@context\":\"https:\/\/schema.org\",\"@graph\":[{\"@type\":\"WebPage\",\"@id\":\"https:\/\/apoderma.com\/inicio\/\",\"url\":\"https:\/\/apoderma.com\/inicio\/\",\"name\":\"Especialistas en Dermocosm\u00e9tica - Apo Derma Store\",\"isPartOf\":{\"@id\":\"https:\/\/apoderma.com\/inicio\/#website\"},\"datePublished\":\"2018-01-03T08:38:15+00:00\",\"dateModified\":\"2026-04-01T16:55:26+00:00\",\"description\":\"Sitio oficial de ApoDerma, especialistas en Dermocosm\u00e9tica. Descubre productos, servicios y programa de formaci\u00f3n.\",\"breadcrumb\":{\"@id\":\"https:\/\/apoderma.com\/inicio\/#breadcrumb\"},\"inLanguage\":\"es\",\"potentialAction\":[{\"@type\":\"ReadAction\",\"target\":[\"https:\/\/apoderma.com\/inicio\/\"]}]},{\"@type\":\"BreadcrumbList\",\"@id\":\"https:\/\/apoderma.com\/inicio\/#breadcrumb\",\"itemListElement\":[{\"@type\":\"ListItem\",\"position\":1,\"name\":\"Portada\",\"item\":\"https:\/\/apoderma.com\/inicio\/\"},{\"@type\":\"ListItem\",\"position\":2,\"name\":\"Especialistas en Dermocosm\u00e9tica\"}]},{\"@type\":\"WebSite\",\"@id\":\"https:\/\/apoderma.com\/inicio\/#website\",\"url\":\"https:\/\/apoderma.com\/inicio\/\",\"name\":\"Apo Derma Store\",\"description\":\"Venta de productos cosm\u00e9ticos\",\"potentialAction\":[{\"@type\":\"SearchAction\",\"target\":{\"@type\":\"EntryPoint\",\"urlTemplate\":\"https:\/\/apoderma.com\/inicio\/?s={search_term_string}\"},\"query-input\":{\"@type\":\"PropertyValueSpecification\",\"valueRequired\":true,\"valueName\":\"search_term_string\"}}],\"inLanguage\":\"es\"}]}<\/script>\n<!-- \/ Yoast SEO plugin. -->","yoast_head_json":{"title":"Especialistas en Dermocosm\u00e9tica - Apo Derma Store","description":"Sitio oficial de ApoDerma, especialistas en Dermocosm\u00e9tica. Descubre productos, servicios y programa de formaci\u00f3n.","robots":{"index":"index","follow":"follow","max-snippet":"max-snippet:-1","max-image-preview":"max-image-preview:large","max-video-preview":"max-video-preview:-1"},"canonical":"https:\/\/apoderma.com\/inicio\/","og_locale":"es_ES","og_type":"article","og_title":"Especialistas en Dermocosm\u00e9tica - Apo Derma Store","og_description":"Sitio oficial de ApoDerma, especialistas en Dermocosm\u00e9tica. Descubre productos, servicios y programa de formaci\u00f3n.","og_url":"https:\/\/apoderma.com\/inicio\/","og_site_name":"Apo Derma Store","article_modified_time":"2026-04-01T16:55:26+00:00","twitter_card":"summary_large_image","twitter_misc":{"Tiempo de lectura":"2 minutos"},"schema":{"@context":"https:\/\/schema.org","@graph":[{"@type":"WebPage","@id":"https:\/\/apoderma.com\/inicio\/","url":"https:\/\/apoderma.com\/inicio\/","name":"Especialistas en Dermocosm\u00e9tica - Apo Derma Store","isPartOf":{"@id":"https:\/\/apoderma.com\/inicio\/#website"},"datePublished":"2018-01-03T08:38:15+00:00","dateModified":"2026-04-01T16:55:26+00:00","description":"Sitio oficial de ApoDerma, especialistas en Dermocosm\u00e9tica. Descubre productos, servicios y programa de formaci\u00f3n.","breadcrumb":{"@id":"https:\/\/apoderma.com\/inicio\/#breadcrumb"},"inLanguage":"es","potentialAction":[{"@type":"ReadAction","target":["https:\/\/apoderma.com\/inicio\/"]}]},{"@type":"BreadcrumbList","@id":"https:\/\/apoderma.com\/inicio\/#breadcrumb","itemListElement":[{"@type":"ListItem","position":1,"name":"Portada","item":"https:\/\/apoderma.com\/inicio\/"},{"@type":"ListItem","position":2,"name":"Especialistas en Dermocosm\u00e9tica"}]},{"@type":"WebSite","@id":"https:\/\/apoderma.com\/inicio\/#website","url":"https:\/\/apoderma.com\/inicio\/","name":"Apo Derma Store","description":"Venta de productos cosm\u00e9ticos","potentialAction":[{"@type":"SearchAction","target":{"@type":"EntryPoint","urlTemplate":"https:\/\/apoderma.com\/inicio\/?s={search_term_string}"},"query-input":{"@type":"PropertyValueSpecification","valueRequired":true,"valueName":"search_term_string"}}],"inLanguage":"es"}]}},"_links":{"self":[{"href":"https:\/\/apoderma.com\/inicio\/wp-json\/wp\/v2\/pages\/3851","targetHints":{"allow":["GET"]}}],"collection":[{"href":"https:\/\/apoderma.com\/inicio\/wp-json\/wp\/v2\/pages"}],"about":[{"href":"https:\/\/apoderma.com\/inicio\/wp-json\/wp\/v2\/types\/page"}],"author":[{"embeddable":true,"href":"https:\/\/apoderma.com\/inicio\/wp-json\/wp\/v2\/users\/1"}],"replies":[{"embeddable":true,"href":"https:\/\/apoderma.com\/inicio\/wp-json\/wp\/v2\/comments?post=3851"}],"version-history":[{"count":20,"href":"https:\/\/apoderma.com\/inicio\/wp-json\/wp\/v2\/pages\/3851\/revisions"}],"predecessor-version":[{"id":39973,"href":"https:\/\/apoderma.com\/inicio\/wp-json\/wp\/v2\/pages\/3851\/revisions\/39973"}],"wp:attachment":[{"href":"https:\/\/apoderma.com\/inicio\/wp-json\/wp\/v2\/media?parent=3851"}],"curies":[{"name":"wp","href":"https:\/\/api.w.org\/{rel}","templated":true}]}}